{"id":81707,"date":"2020-09-18T15:31:46","date_gmt":"2020-09-18T19:31:46","guid":{"rendered":"https:\/\/prometour.com\/central-europe\/"},"modified":"2021-03-16T15:52:25","modified_gmt":"2021-03-16T19:52:25","slug":"europe-centrale","status":"publish","type":"page","link":"https:\/\/prometour.com\/fr\/groupes-adultes\/destinations\/europe-2\/europe-centrale\/","title":{"rendered":"Europe centrale : Allemagne et Autriche"},"content":{"rendered":"<div class=\"wpb-content-wrapper\"><p>[vc_row row_height_percent=\u00a0\u00bb0&Prime; override_padding=\u00a0\u00bbyes\u00a0\u00bb h_padding=\u00a0\u00bb2&Prime; top_padding=\u00a0\u00bb2&Prime; bottom_padding=\u00a0\u00bb2&Prime; back_color=\u00a0\u00bbcolor-lxmt\u00a0\u00bb overlay_alpha=\u00a0\u00bb50&Prime; gutter_size=\u00a0\u00bb3&Prime; column_width_percent=\u00a0\u00bb100&Prime; shift_y=\u00a0\u00bb0&Prime; z_index=\u00a0\u00bb0&Prime;][vc_column column_width_percent=\u00a0\u00bb100&Prime; gutter_size=\u00a0\u00bb3&Prime; overlay_alpha=\u00a0\u00bb50&Prime; shift_x=\u00a0\u00bb0&Prime; shift_y=\u00a0\u00bb0&Prime; shift_y_down=\u00a0\u00bb0&Prime; z_index=\u00a0\u00bb0&Prime; medium_width=\u00a0\u00bb0&Prime; mobile_width=\u00a0\u00bb0&Prime; width=\u00a0\u00bb1\/1&Prime;][vc_row_inner row_inner_height_percent=\u00a0\u00bb0&Prime; overlay_alpha=\u00a0\u00bb50&Prime; gutter_size=\u00a0\u00bb4&Prime; shift_y=\u00a0\u00bb0&Prime; z_index=\u00a0\u00bb0&Prime;][vc_column_inner column_width_percent=\u00a0\u00bb100&Prime; gutter_size=\u00a0\u00bb4&Prime; style=\u00a0\u00bblight\u00a0\u00bb overlay_alpha=\u00a0\u00bb50&Prime; shift_x=\u00a0\u00bb0&Prime; shift_y=\u00a0\u00bb0&Prime; shift_y_down=\u00a0\u00bb0&Prime; z_index=\u00a0\u00bb0&Prime; medium_width=\u00a0\u00bb0&Prime; mobile_width=\u00a0\u00bb0&Prime; sticky=\u00a0\u00bbyes\u00a0\u00bb width=\u00a0\u00bb1\/1&Prime;][vc_custom_heading heading_semantic=\u00a0\u00bbp\u00a0\u00bb text_weight=\u00a0\u00bb300&Prime; text_height=\u00a0\u00bbfontheight-357766&Prime; text_space=\u00a0\u00bbfontspace-781688&Prime; text_color=\u00a0\u00bbcolor-jevc\u00a0\u00bb]<\/p>\n<h1 style=\"text-align: center; margin-bottom: -40px;\">CIRCUITS DE GROUPE EN EUROPE CENTRALE<\/h1>\n<p>[\/vc_custom_heading][vc_column_text]<\/p>\n<p style=\"text-align: center;\">Emmenez votre groupe d\u00e9couvrir l&rsquo;Europe centrale, en passant par l&rsquo;Allemagne et en Autriche! Plongez-vous dans la culture et l&rsquo;histoire de cette r\u00e9gion du monde. Profitez des chefs-d&rsquo;\u0153uvre musicaux de ses compositeurs. R\u00e9galez-vous de plats locaux et traditionnels. Explorez sa campagne ou ses villes les plus passionnantes: Vienne, Munich, Berlin, Cologne&#8230; Suivez le Rhin ou le Danube au c\u0153ur de l&rsquo;Europe centrale. Parlez \u00e0 nos consultants pour construire l&rsquo;itin\u00e9raire parfait, \u00e0 la hauteur des attentes de votre groupe.<\/p>\n<p>[\/vc_column_text][vc_empty_space empty_h=\u00a0\u00bb0&Prime;][\/vc_column_inner][\/vc_row_inner][\/vc_column][\/vc_row][vc_row][vc_column column_width_percent=\u00a0\u00bb100&Prime; align_horizontal=\u00a0\u00bbalign_center\u00a0\u00bb gutter_size=\u00a0\u00bb3&Prime; overlay_alpha=\u00a0\u00bb50&Prime; shift_x=\u00a0\u00bb0&Prime; shift_y=\u00a0\u00bb0&Prime; shift_y_down=\u00a0\u00bb0&Prime; z_index=\u00a0\u00bb0&Prime; medium_width=\u00a0\u00bb0&Prime; mobile_width=\u00a0\u00bb0&Prime; width=\u00a0\u00bb1\/3&Prime;][vc_single_image media=\u00a0\u00bb70940&Prime; media_width_percent=\u00a0\u00bb100&Prime; media_ratio=\u00a0\u00bbfour-three\u00a0\u00bb alignment=\u00a0\u00bbcenter\u00a0\u00bb shadow=\u00a0\u00bbyes\u00a0\u00bb media_link=\u00a0\u00bb|||\u00a0\u00bb][vc_column_text]<\/p>\n<h3><strong>TOUR CLASSIQUE DE L&rsquo;ALLEMAGNE<\/strong><\/h3>\n<p>D\u00e9couvrez les classiques de l&rsquo;Allemagne: de Berlin \u00e0 Munich, vous d\u00e9couvrirez la place Potsdam, le mus\u00e9e Checkpoint Charlie, le palais d&rsquo;\u00e9t\u00e9 de Fr\u00e9d\u00e9ric le Grand, la ville fortifi\u00e9e de Nuremberg, le magnifique ch\u00e2teau de Neuschwanstein et la tr\u00e8s anim\u00e9e Marienplatz.[\/vc_column_text][vc_raw_html][\/vc_raw_html][\/vc_column][vc_column column_width_percent=\u00a0\u00bb100&Prime; align_horizontal=\u00a0\u00bbalign_center\u00a0\u00bb gutter_size=\u00a0\u00bb3&Prime; overlay_alpha=\u00a0\u00bb50&Prime; shift_x=\u00a0\u00bb0&Prime; shift_y=\u00a0\u00bb0&Prime; shift_y_down=\u00a0\u00bb0&Prime; z_index=\u00a0\u00bb0&Prime; medium_width=\u00a0\u00bb0&Prime; mobile_width=\u00a0\u00bb0&Prime; width=\u00a0\u00bb1\/3&Prime;][vc_single_image media=\u00a0\u00bb81580&Prime; media_width_percent=\u00a0\u00bb100&Prime; media_ratio=\u00a0\u00bbfour-three\u00a0\u00bb alignment=\u00a0\u00bbcenter\u00a0\u00bb shadow=\u00a0\u00bbyes\u00a0\u00bb media_link=\u00a0\u00bb|||\u00a0\u00bb][vc_column_text]<\/p>\n<h3><strong>CIRCUIT CULTUREL ALLEMAGNE ET AUTRICHE<\/strong><\/h3>\n<p>D\u00e9couvrez les meilleurs sites historiques et d\u00e9couvrez le charme du vieux monde lors de notre visite culturelle en Allemagne et en Autriche. D\u00e9couvrez le riche h\u00e9ritage musical, l&rsquo;architecture raffin\u00e9e, les villes charmantes et les places publiques anim\u00e9es que ces pays ont \u00e0 offrir.[\/vc_column_text][vc_raw_html][\/vc_raw_html][\/vc_column][vc_column column_width_percent=\u00a0\u00bb100&Prime; align_horizontal=\u00a0\u00bbalign_center\u00a0\u00bb gutter_size=\u00a0\u00bb3&Prime; overlay_alpha=\u00a0\u00bb50&Prime; shift_x=\u00a0\u00bb0&Prime; shift_y=\u00a0\u00bb0&Prime; shift_y_down=\u00a0\u00bb0&Prime; z_index=\u00a0\u00bb0&Prime; medium_width=\u00a0\u00bb0&Prime; mobile_width=\u00a0\u00bb0&Prime; width=\u00a0\u00bb1\/3&Prime;][vc_single_image media=\u00a0\u00bb70941&Prime; media_width_percent=\u00a0\u00bb100&Prime; media_ratio=\u00a0\u00bbfour-three\u00a0\u00bb alignment=\u00a0\u00bbcenter\u00a0\u00bb shadow=\u00a0\u00bbyes\u00a0\u00bb media_link=\u00a0\u00bb|||\u00a0\u00bb][\/vc_column][\/vc_row][vc_row][vc_column width=\u00a0\u00bb1\/1&Prime;][uncode_block id=\u00a0\u00bb82734&Prime;][\/vc_column][\/vc_row]<\/p>\n<\/div>","protected":false},"excerpt":{"rendered":"<p>[vc_row row_height_percent=\u00a0\u00bb0&Prime; override_padding=\u00a0\u00bbyes\u00a0\u00bb h_padding=\u00a0\u00bb2&Prime; top_padding=\u00a0\u00bb2&Prime; bottom_padding=\u00a0\u00bb2&Prime; back_color=\u00a0\u00bbcolor-lxmt\u00a0\u00bb overlay_alpha=\u00a0\u00bb50&Prime; gutter_size=\u00a0\u00bb3&Prime; column_width_percent=\u00a0\u00bb100&Prime; shift_y=\u00a0\u00bb0&Prime; z_index=\u00a0\u00bb0&Prime;][vc_column column_width_percent=\u00a0\u00bb100&Prime; gutter_size=\u00a0\u00bb3&Prime; overlay_alpha=\u00a0\u00bb50&Prime; shift_x=\u00a0\u00bb0&Prime; shift_y=\u00a0\u00bb0&Prime; shift_y_down=\u00a0\u00bb0&Prime; z_index=\u00a0\u00bb0&Prime; medium_width=\u00a0\u00bb0&Prime; [&hellip;]<\/p>\n","protected":false},"author":21,"featured_media":0,"parent":81761,"menu_order":0,"comment_status":"closed","ping_status":"closed","template":"","meta":{"content-type":"","footnotes":""},"class_list":["post-81707","page","type-page","status-publish","hentry"],"yoast_head":"<!-- This site is optimized with the Yoast SEO plugin v27.4 - https:\/\/yoast.com\/product\/yoast-seo-wordpress\/ -->\n<title>Envol par Prom\u00e9tour | Europe centrale<\/title>\n<meta name=\"description\" content=\"Europe centrale : Allemagne et Autriche. Planifiez votre prochain groupe avec Prom\u00e9tour.\" \/>\n<meta name=\"robots\" content=\"index, follow, max-snippet:-1, max-image-preview:large, max-video-preview:-1\" \/>\n<link rel=\"canonical\" href=\"https:\/\/prometour.com\/fr\/groupes-adultes\/destinations\/europe-2\/europe-centrale\/\" \/>\n<meta property=\"og:locale\" content=\"fr_FR\" \/>\n<meta property=\"og:type\" content=\"article\" \/>\n<meta property=\"og:title\" content=\"Envol par Prom\u00e9tour | Europe centrale\" \/>\n<meta property=\"og:description\" content=\"Europe centrale : Allemagne et Autriche. Planifiez votre prochain groupe avec Prom\u00e9tour.\" \/>\n<meta property=\"og:url\" content=\"https:\/\/prometour.com\/fr\/groupes-adultes\/destinations\/europe-2\/europe-centrale\/\" \/>\n<meta property=\"og:site_name\" content=\"Prom&eacute;tour\" \/>\n<meta property=\"article:publisher\" content=\"https:\/\/www.facebook.com\/PrometourEduTours\" \/>\n<meta property=\"article:modified_time\" content=\"2021-03-16T19:52:25+00:00\" \/>\n<meta name=\"twitter:card\" content=\"summary_large_image\" \/>\n<meta name=\"twitter:site\" content=\"@Prometour\" \/>\n<meta name=\"twitter:label1\" content=\"Dur\u00e9e de lecture estim\u00e9e\" \/>\n\t<meta name=\"twitter:data1\" content=\"3 minutes\" \/>\n<script type=\"application\/ld+json\" class=\"yoast-schema-graph\">{\"@context\":\"https:\\\/\\\/schema.org\",\"@graph\":[{\"@type\":\"WebPage\",\"@id\":\"https:\\\/\\\/prometour.com\\\/fr\\\/groupes-adultes\\\/destinations\\\/europe-2\\\/europe-centrale\\\/\",\"url\":\"https:\\\/\\\/prometour.com\\\/fr\\\/groupes-adultes\\\/destinations\\\/europe-2\\\/europe-centrale\\\/\",\"name\":\"Envol par Prom\u00e9tour | Europe centrale\",\"isPartOf\":{\"@id\":\"https:\\\/\\\/prometour.com\\\/fr\\\/#website\"},\"datePublished\":\"2020-09-18T19:31:46+00:00\",\"dateModified\":\"2021-03-16T19:52:25+00:00\",\"description\":\"Europe centrale : Allemagne et Autriche. Planifiez votre prochain groupe avec Prom\u00e9tour.\",\"breadcrumb\":{\"@id\":\"https:\\\/\\\/prometour.com\\\/fr\\\/groupes-adultes\\\/destinations\\\/europe-2\\\/europe-centrale\\\/#breadcrumb\"},\"inLanguage\":\"fr-FR\",\"potentialAction\":[{\"@type\":\"ReadAction\",\"target\":[\"https:\\\/\\\/prometour.com\\\/fr\\\/groupes-adultes\\\/destinations\\\/europe-2\\\/europe-centrale\\\/\"]}]},{\"@type\":\"BreadcrumbList\",\"@id\":\"https:\\\/\\\/prometour.com\\\/fr\\\/groupes-adultes\\\/destinations\\\/europe-2\\\/europe-centrale\\\/#breadcrumb\",\"itemListElement\":[{\"@type\":\"ListItem\",\"position\":1,\"name\":\"Prometour\",\"item\":\"https:\\\/\\\/prometour.com\\\/fr\\\/\"},{\"@type\":\"ListItem\",\"position\":2,\"name\":\"Section Page\",\"item\":\"https:\\\/\\\/prometour.com\\\/fr\\\/page_category\\\/section-page-fr\\\/\"},{\"@type\":\"ListItem\",\"position\":3,\"name\":\"Groupes d&rsquo;adultes\",\"item\":\"https:\\\/\\\/prometour.com\\\/fr\\\/groupes-adultes\\\/\"},{\"@type\":\"ListItem\",\"position\":4,\"name\":\"Les destinations\",\"item\":\"https:\\\/\\\/prometour.com\\\/fr\\\/groupes-adultes\\\/destinations\\\/\"},{\"@type\":\"ListItem\",\"position\":5,\"name\":\"Europe\",\"item\":\"https:\\\/\\\/prometour.com\\\/fr\\\/groupes-adultes\\\/destinations\\\/europe-2\\\/\"},{\"@type\":\"ListItem\",\"position\":6,\"name\":\"Europe centrale : Allemagne et Autriche\"}]},{\"@type\":\"WebSite\",\"@id\":\"https:\\\/\\\/prometour.com\\\/fr\\\/#website\",\"url\":\"https:\\\/\\\/prometour.com\\\/fr\\\/\",\"name\":\"Prom\u00e9tour\",\"description\":\"Experts in Customized Student Tours and Class trips\",\"publisher\":{\"@id\":\"https:\\\/\\\/prometour.com\\\/fr\\\/#organization\"},\"potentialAction\":[{\"@type\":\"SearchAction\",\"target\":{\"@type\":\"EntryPoint\",\"urlTemplate\":\"https:\\\/\\\/prometour.com\\\/fr\\\/?s={search_term_string}\"},\"query-input\":{\"@type\":\"PropertyValueSpecification\",\"valueRequired\":true,\"valueName\":\"search_term_string\"}}],\"inLanguage\":\"fr-FR\"},{\"@type\":\"Organization\",\"@id\":\"https:\\\/\\\/prometour.com\\\/fr\\\/#organization\",\"name\":\"Prom\u00e9tour Educational Tours\",\"url\":\"https:\\\/\\\/prometour.com\\\/fr\\\/\",\"logo\":{\"@type\":\"ImageObject\",\"inLanguage\":\"fr-FR\",\"@id\":\"https:\\\/\\\/prometour.com\\\/fr\\\/#\\\/schema\\\/logo\\\/image\\\/\",\"url\":\"https:\\\/\\\/prometour.com\\\/wp-content\\\/uploads\\\/2017\\\/11\\\/Prometour_Logo_CMYK.gif\",\"contentUrl\":\"https:\\\/\\\/prometour.com\\\/wp-content\\\/uploads\\\/2017\\\/11\\\/Prometour_Logo_CMYK.gif\",\"width\":2265,\"height\":663,\"caption\":\"Prom\u00e9tour Educational Tours\"},\"image\":{\"@id\":\"https:\\\/\\\/prometour.com\\\/fr\\\/#\\\/schema\\\/logo\\\/image\\\/\"},\"sameAs\":[\"https:\\\/\\\/www.facebook.com\\\/PrometourEduTours\",\"https:\\\/\\\/x.com\\\/Prometour\",\"https:\\\/\\\/www.instagram.com\\\/prometour\\\/\",\"https:\\\/\\\/www.linkedin.com\\\/company\\\/prometour\",\"https:\\\/\\\/www.pinterest.ca\\\/prometour\\\/\",\"https:\\\/\\\/www.youtube.com\\\/channel\\\/UCGUzI7zRN1jyJA_vnuq4GPA\"]}]}<\/script>\n<!-- \/ Yoast SEO plugin. -->","yoast_head_json":{"title":"Envol par Prom\u00e9tour | Europe centrale","description":"Europe centrale : Allemagne et Autriche. Planifiez votre prochain groupe avec Prom\u00e9tour.","robots":{"index":"index","follow":"follow","max-snippet":"max-snippet:-1","max-image-preview":"max-image-preview:large","max-video-preview":"max-video-preview:-1"},"canonical":"https:\/\/prometour.com\/fr\/groupes-adultes\/destinations\/europe-2\/europe-centrale\/","og_locale":"fr_FR","og_type":"article","og_title":"Envol par Prom\u00e9tour | Europe centrale","og_description":"Europe centrale : Allemagne et Autriche. Planifiez votre prochain groupe avec Prom\u00e9tour.","og_url":"https:\/\/prometour.com\/fr\/groupes-adultes\/destinations\/europe-2\/europe-centrale\/","og_site_name":"Prom&eacute;tour","article_publisher":"https:\/\/www.facebook.com\/PrometourEduTours","article_modified_time":"2021-03-16T19:52:25+00:00","twitter_card":"summary_large_image","twitter_site":"@Prometour","twitter_misc":{"Dur\u00e9e de lecture estim\u00e9e":"3 minutes"},"schema":{"@context":"https:\/\/schema.org","@graph":[{"@type":"WebPage","@id":"https:\/\/prometour.com\/fr\/groupes-adultes\/destinations\/europe-2\/europe-centrale\/","url":"https:\/\/prometour.com\/fr\/groupes-adultes\/destinations\/europe-2\/europe-centrale\/","name":"Envol par Prom\u00e9tour | Europe centrale","isPartOf":{"@id":"https:\/\/prometour.com\/fr\/#website"},"datePublished":"2020-09-18T19:31:46+00:00","dateModified":"2021-03-16T19:52:25+00:00","description":"Europe centrale : Allemagne et Autriche. Planifiez votre prochain groupe avec Prom\u00e9tour.","breadcrumb":{"@id":"https:\/\/prometour.com\/fr\/groupes-adultes\/destinations\/europe-2\/europe-centrale\/#breadcrumb"},"inLanguage":"fr-FR","potentialAction":[{"@type":"ReadAction","target":["https:\/\/prometour.com\/fr\/groupes-adultes\/destinations\/europe-2\/europe-centrale\/"]}]},{"@type":"BreadcrumbList","@id":"https:\/\/prometour.com\/fr\/groupes-adultes\/destinations\/europe-2\/europe-centrale\/#breadcrumb","itemListElement":[{"@type":"ListItem","position":1,"name":"Prometour","item":"https:\/\/prometour.com\/fr\/"},{"@type":"ListItem","position":2,"name":"Section Page","item":"https:\/\/prometour.com\/fr\/page_category\/section-page-fr\/"},{"@type":"ListItem","position":3,"name":"Groupes d&rsquo;adultes","item":"https:\/\/prometour.com\/fr\/groupes-adultes\/"},{"@type":"ListItem","position":4,"name":"Les destinations","item":"https:\/\/prometour.com\/fr\/groupes-adultes\/destinations\/"},{"@type":"ListItem","position":5,"name":"Europe","item":"https:\/\/prometour.com\/fr\/groupes-adultes\/destinations\/europe-2\/"},{"@type":"ListItem","position":6,"name":"Europe centrale : Allemagne et Autriche"}]},{"@type":"WebSite","@id":"https:\/\/prometour.com\/fr\/#website","url":"https:\/\/prometour.com\/fr\/","name":"Prom\u00e9tour","description":"Experts in Customized Student Tours and Class trips","publisher":{"@id":"https:\/\/prometour.com\/fr\/#organization"},"potentialAction":[{"@type":"SearchAction","target":{"@type":"EntryPoint","urlTemplate":"https:\/\/prometour.com\/fr\/?s={search_term_string}"},"query-input":{"@type":"PropertyValueSpecification","valueRequired":true,"valueName":"search_term_string"}}],"inLanguage":"fr-FR"},{"@type":"Organization","@id":"https:\/\/prometour.com\/fr\/#organization","name":"Prom\u00e9tour Educational Tours","url":"https:\/\/prometour.com\/fr\/","logo":{"@type":"ImageObject","inLanguage":"fr-FR","@id":"https:\/\/prometour.com\/fr\/#\/schema\/logo\/image\/","url":"https:\/\/prometour.com\/wp-content\/uploads\/2017\/11\/Prometour_Logo_CMYK.gif","contentUrl":"https:\/\/prometour.com\/wp-content\/uploads\/2017\/11\/Prometour_Logo_CMYK.gif","width":2265,"height":663,"caption":"Prom\u00e9tour Educational Tours"},"image":{"@id":"https:\/\/prometour.com\/fr\/#\/schema\/logo\/image\/"},"sameAs":["https:\/\/www.facebook.com\/PrometourEduTours","https:\/\/x.com\/Prometour","https:\/\/www.instagram.com\/prometour\/","https:\/\/www.linkedin.com\/company\/prometour","https:\/\/www.pinterest.ca\/prometour\/","https:\/\/www.youtube.com\/channel\/UCGUzI7zRN1jyJA_vnuq4GPA"]}]}},"_links":{"self":[{"href":"https:\/\/prometour.com\/fr\/wp-json\/wp\/v2\/pages\/81707","targetHints":{"allow":["GET"]}}],"collection":[{"href":"https:\/\/prometour.com\/fr\/wp-json\/wp\/v2\/pages"}],"about":[{"href":"https:\/\/prometour.com\/fr\/wp-json\/wp\/v2\/types\/page"}],"author":[{"embeddable":true,"href":"https:\/\/prometour.com\/fr\/wp-json\/wp\/v2\/users\/21"}],"replies":[{"embeddable":true,"href":"https:\/\/prometour.com\/fr\/wp-json\/wp\/v2\/comments?post=81707"}],"version-history":[{"count":5,"href":"https:\/\/prometour.com\/fr\/wp-json\/wp\/v2\/pages\/81707\/revisions"}],"predecessor-version":[{"id":84398,"href":"https:\/\/prometour.com\/fr\/wp-json\/wp\/v2\/pages\/81707\/revisions\/84398"}],"up":[{"embeddable":true,"href":"https:\/\/prometour.com\/fr\/wp-json\/wp\/v2\/pages\/81761"}],"wp:attachment":[{"href":"https:\/\/prometour.com\/fr\/wp-json\/wp\/v2\/media?parent=81707"}],"curies":[{"name":"wp","href":"https:\/\/api.w.org\/{rel}","templated":true}]}}