{"id":81735,"date":"2020-09-11T16:52:31","date_gmt":"2020-09-11T20:52:31","guid":{"rendered":"https:\/\/prometour.com\/fauna-and-flora\/"},"modified":"2021-03-16T15:43:57","modified_gmt":"2021-03-16T19:43:57","slug":"fauna-and-flora","status":"publish","type":"page","link":"https:\/\/prometour.com\/fr\/groupes-adultes\/experiences-de-voyage\/fauna-and-flora\/","title":{"rendered":"Faune et flore"},"content":{"rendered":"<div class=\"wpb-content-wrapper\"><p>[vc_row row_height_percent=\u00a0\u00bb0&Prime; override_padding=\u00a0\u00bbyes\u00a0\u00bb h_padding=\u00a0\u00bb2&Prime; top_padding=\u00a0\u00bb2&Prime; bottom_padding=\u00a0\u00bb2&Prime; back_color=\u00a0\u00bbcolor-lxmt\u00a0\u00bb overlay_alpha=\u00a0\u00bb50&Prime; gutter_size=\u00a0\u00bb3&Prime; column_width_percent=\u00a0\u00bb100&Prime; shift_y=\u00a0\u00bb0&Prime; z_index=\u00a0\u00bb0&Prime;][vc_column column_width_use_pixel=\u00a0\u00bbyes\u00a0\u00bb position_vertical=\u00a0\u00bbmiddle\u00a0\u00bb align_horizontal=\u00a0\u00bbalign_center\u00a0\u00bb gutter_size=\u00a0\u00bb3&Prime; overlay_alpha=\u00a0\u00bb50&Prime; shift_x=\u00a0\u00bb0&Prime; shift_y=\u00a0\u00bb0&Prime; shift_y_down=\u00a0\u00bb0&Prime; z_index=\u00a0\u00bb0&Prime; medium_width=\u00a0\u00bb0&Prime; mobile_width=\u00a0\u00bb0&Prime; width=\u00a0\u00bb1\/1&Prime; column_width_pixel=\u00a0\u00bb1000&Prime; css=\u00a0\u00bb.vc_custom_1599621910721{padding-top: 40px !important;padding-bottom: 40px !important;}\u00a0\u00bb][vc_custom_heading heading_semantic=\u00a0\u00bbh3&Prime; text_size=\u00a0\u00bbfontsize-155944&Prime;]La beaut\u00e9 de la nature dans toute sa splendeur[\/vc_custom_heading][vc_column_text]Que votre groupe s&rsquo;int\u00e9resse \u00e0 l&rsquo;observation de la faune canadienne, aux oiseaux du Costa Rica ou aux grands jardins europ\u00e9ens, votre itin\u00e9raire devrait vous permettre de d\u00e9couvrir la beaut\u00e9 de la nature dans toute sa splendeur. Embarquez pour l&rsquo;aventure d&rsquo;une vie en d\u00e9couvrant la diversit\u00e9 \u00e9cologique de la destination de votre choix. Avec les conseils de professionnels chevronn\u00e9s, vous acquerrez une exp\u00e9rience et des connaissances pr\u00e9cieuses tout en voyageant \u00e0 certaines des destinations les plus impressionnantes au monde. Les circuits personnalisables de Prom\u00e9tour vous permettront de planifier un voyage en fonction de vos besoins.[\/vc_column_text][\/vc_column][\/vc_row][vc_row][vc_column column_width_percent=\u00a0\u00bb100&Prime; align_horizontal=\u00a0\u00bbalign_center\u00a0\u00bb gutter_size=\u00a0\u00bb3&Prime; overlay_alpha=\u00a0\u00bb50&Prime; shift_x=\u00a0\u00bb0&Prime; shift_y=\u00a0\u00bb0&Prime; shift_y_down=\u00a0\u00bb0&Prime; z_index=\u00a0\u00bb0&Prime; medium_width=\u00a0\u00bb0&Prime; mobile_width=\u00a0\u00bb0&Prime; width=\u00a0\u00bb1\/3&Prime;][vc_single_image media=\u00a0\u00bb69311&Prime; media_width_percent=\u00a0\u00bb100&Prime; media_ratio=\u00a0\u00bbfour-three\u00a0\u00bb alignment=\u00a0\u00bbcenter\u00a0\u00bb shadow=\u00a0\u00bbyes\u00a0\u00bb media_link=\u00a0\u00bb|||\u00a0\u00bb][vc_column_text]<b>LA PROVINCE DE GUANACASTE<\/b>[\/vc_column_text][vc_column_text]La r\u00e9gion de Guanacaste au Costa Rica poss\u00e8de des paysages incomparables, des \u00e9cosyst\u00e8mes c\u00f4tiers et un riche patrimoine. Les ornithologues amateurs, les amants de la nature et les photographes en herbe ont d&rsquo;amples occasions pour r\u00e9pondre \u00e0 leur passion.[\/vc_column_text][vc_raw_html]JTNDJTIxLS1IdWJTcG90JTIwQ2FsbC10by1BY3Rpb24lMjBDb2RlJTIwLS0lM0UlM0NzcGFuJTIwY2xhc3MlM0QlMjJocy1jdGEtd3JhcHBlciUyMiUyMGlkJTNEJTIyaHMtY3RhLXdyYXBwZXItMzU4Yjg4NjktNDgxZS00ZDA4LTkzZTAtMzBiZDM5NWMyMTNjJTIyJTNFJTNDc3BhbiUyMGNsYXNzJTNEJTIyaHMtY3RhLW5vZGUlMjBocy1jdGEtMzU4Yjg4NjktNDgxZS00ZDA4LTkzZTAtMzBiZDM5NWMyMTNjJTIyJTIwaWQlM0QlMjJocy1jdGEtMzU4Yjg4NjktNDgxZS00ZDA4LTkzZTAtMzBiZDM5NWMyMTNjJTIyJTNFJTNDJTIxLS0lNUJpZiUyMGx0ZSUyMElFJTIwOCU1RCUzRSUzQ2RpdiUyMGlkJTNEJTIyaHMtY3RhLWllLWVsZW1lbnQlMjIlM0UlM0MlMkZkaXYlM0UlM0MlMjElNUJlbmRpZiU1RC0tJTNFJTNDYSUyMGhyZWYlM0QlMjJodHRwcyUzQSUyRiUyRmN0YS1yZWRpcmVjdC5odWJzcG90LmNvbSUyRmN0YSUyRnJlZGlyZWN0JTJGNDcyMDA5NCUyRjM1OGI4ODY5LTQ4MWUtNGQwOC05M2UwLTMwYmQzOTVjMjEzYyUyMiUyMCUyMHRhcmdldCUzRCUyMl9ibGFuayUyMiUyMCUzRSUzQ2ltZyUyMGNsYXNzJTNEJTIyaHMtY3RhLWltZyUyMiUyMGlkJTNEJTIyaHMtY3RhLWltZy0zNThiODg2OS00ODFlLTRkMDgtOTNlMC0zMGJkMzk1YzIxM2MlMjIlMjBzdHlsZSUzRCUyMmJvcmRlci13aWR0aCUzQTBweCUzQiUyMiUyMHNyYyUzRCUyMmh0dHBzJTNBJTJGJTJGbm8tY2FjaGUuaHVic3BvdC5jb20lMkZjdGElMkZkZWZhdWx0JTJGNDcyMDA5NCUyRjM1OGI4ODY5LTQ4MWUtNGQwOC05M2UwLTMwYmQzOTVjMjEzYy5wbmclMjIlMjAlMjBhbHQlM0QlMjJJVElOJUMzJTg5UkFJUkUlMjIlMkYlM0UlM0MlMkZhJTNFJTNDJTJGc3BhbiUzRSUzQ3NjcmlwdCUyMGNoYXJzZXQlM0QlMjJ1dGYtOCUyMiUyMHNyYyUzRCUyMmh0dHBzJTNBJTJGJTJGanMuaHNjdGEubmV0JTJGY3RhJTJGY3VycmVudC5qcyUyMiUzRSUzQyUyRnNjcmlwdCUzRSUzQ3NjcmlwdCUyMHR5cGUlM0QlMjJ0ZXh0JTJGamF2YXNjcmlwdCUyMiUzRSUyMGhic3B0LmN0YS5sb2FkJTI4NDcyMDA5NCUyQyUyMCUyNzM1OGI4ODY5LTQ4MWUtNGQwOC05M2UwLTMwYmQzOTVjMjEzYyUyNyUyQyUyMCU3QiU3RCUyOSUzQiUyMCUzQyUyRnNjcmlwdCUzRSUzQyUyRnNwYW4lM0UlM0MlMjEtLSUyMGVuZCUyMEh1YlNwb3QlMjBDYWxsLXRvLUFjdGlvbiUyMENvZGUlMjAtLSUzRQ==[\/vc_raw_html][\/vc_column][vc_column column_width_percent=\u00a0\u00bb100&Prime; align_horizontal=\u00a0\u00bbalign_center\u00a0\u00bb gutter_size=\u00a0\u00bb3&Prime; overlay_alpha=\u00a0\u00bb50&Prime; shift_x=\u00a0\u00bb0&Prime; shift_y=\u00a0\u00bb0&Prime; shift_y_down=\u00a0\u00bb0&Prime; z_index=\u00a0\u00bb0&Prime; medium_width=\u00a0\u00bb0&Prime; mobile_width=\u00a0\u00bb0&Prime; width=\u00a0\u00bb1\/3&Prime;][vc_single_image media=\u00a0\u00bb80040&Prime; media_width_percent=\u00a0\u00bb100&Prime; media_ratio=\u00a0\u00bbfour-three\u00a0\u00bb alignment=\u00a0\u00bbcenter\u00a0\u00bb shadow=\u00a0\u00bbyes\u00a0\u00bb media_link=\u00a0\u00bb|||\u00a0\u00bb][vc_column_text]<\/p>\n<p style=\"text-align: center;\"><strong>L&rsquo;OUEST CANADIEN, GRANDE NATURE<\/strong><\/p>\n<p>[\/vc_column_text][vc_column_text]L&rsquo;Ouest canadien en offre beaucoup aux amoureux de la nature: montez sur une plate-forme d&rsquo;observation \u00e0 fond de verre dans les Glaciers Icefields, faites un tour en tramway a\u00e9rien pour des vues inoubliables, d\u00e9couvrez les Butchart Gardens sur l&rsquo;\u00eele de Vancouver.[\/vc_column_text][vc_raw_html][\/vc_raw_html][\/vc_column][vc_column column_width_percent=\u00a0\u00bb100&Prime; align_horizontal=\u00a0\u00bbalign_center\u00a0\u00bb gutter_size=\u00a0\u00bb3&Prime; overlay_alpha=\u00a0\u00bb50&Prime; shift_x=\u00a0\u00bb0&Prime; shift_y=\u00a0\u00bb0&Prime; shift_y_down=\u00a0\u00bb0&Prime; z_index=\u00a0\u00bb0&Prime; medium_width=\u00a0\u00bb0&Prime; mobile_width=\u00a0\u00bb0&Prime; width=\u00a0\u00bb1\/3&Prime;][vc_single_image media=\u00a0\u00bb81309&Prime; media_width_percent=\u00a0\u00bb100&Prime; media_ratio=\u00a0\u00bbfour-three\u00a0\u00bb alignment=\u00a0\u00bbcenter\u00a0\u00bb shadow=\u00a0\u00bbyes\u00a0\u00bb media_link=\u00a0\u00bb|||\u00a0\u00bb][vc_column_text]<\/p>\n<p style=\"text-align: center; font-size: 18px; line-height: 1; margin-top: -10px;\"><b>\u00a0\u00a0<\/b><\/p>\n<p>[\/vc_column_text][vc_column_text][\/vc_column_text][vc_raw_html][\/vc_raw_html][\/vc_column][\/vc_row][vc_row][vc_column width=\u00a0\u00bb1\/1&Prime;][uncode_block id=\u00a0\u00bb81355&Prime;][\/vc_column][\/vc_row]<\/p>\n<\/div>","protected":false},"excerpt":{"rendered":"<p>[vc_row row_height_percent=\u00a0\u00bb0&Prime; override_padding=\u00a0\u00bbyes\u00a0\u00bb h_padding=\u00a0\u00bb2&Prime; top_padding=\u00a0\u00bb2&Prime; bottom_padding=\u00a0\u00bb2&Prime; back_color=\u00a0\u00bbcolor-lxmt\u00a0\u00bb overlay_alpha=\u00a0\u00bb50&Prime; gutter_size=\u00a0\u00bb3&Prime; column_width_percent=\u00a0\u00bb100&Prime; shift_y=\u00a0\u00bb0&Prime; z_index=\u00a0\u00bb0&Prime;][vc_column column_width_use_pixel=\u00a0\u00bbyes\u00a0\u00bb position_vertical=\u00a0\u00bbmiddle\u00a0\u00bb align_horizontal=\u00a0\u00bbalign_center\u00a0\u00bb gutter_size=\u00a0\u00bb3&Prime; overlay_alpha=\u00a0\u00bb50&Prime; shift_x=\u00a0\u00bb0&Prime; shift_y=\u00a0\u00bb0&Prime; shift_y_down=\u00a0\u00bb0&Prime; [&hellip;]<\/p>\n","protected":false},"author":18,"featured_media":0,"parent":81747,"menu_order":0,"comment_status":"closed","ping_status":"closed","template":"","meta":{"content-type":"","footnotes":""},"class_list":["post-81735","page","type-page","status-publish","hentry"],"yoast_head":"<!-- This site is optimized with the Yoast SEO plugin v27.5 - https:\/\/yoast.com\/product\/yoast-seo-wordpress\/ -->\n<title>Envol par Prom\u00e9tour | Faune et Flore<\/title>\n<meta name=\"description\" content=\"Voyage de groupe. Itin\u00e9raires mettant de l&#039;avant la beaut\u00e9 de la nature dans toute sa splendeur. Planifiez votre prochain groupe avec Prom\u00e9tour.\" \/>\n<meta name=\"robots\" content=\"index, follow, max-snippet:-1, max-image-preview:large, max-video-preview:-1\" \/>\n<link rel=\"canonical\" href=\"https:\/\/prometour.com\/fr\/groupes-adultes\/experiences-de-voyage\/fauna-and-flora\/\" \/>\n<meta property=\"og:locale\" content=\"fr_FR\" \/>\n<meta property=\"og:type\" content=\"article\" \/>\n<meta property=\"og:title\" content=\"Envol par Prom\u00e9tour | Faune et Flore\" \/>\n<meta property=\"og:description\" content=\"Voyage de groupe. Itin\u00e9raires mettant de l&#039;avant la beaut\u00e9 de la nature dans toute sa splendeur. Planifiez votre prochain groupe avec Prom\u00e9tour.\" \/>\n<meta property=\"og:url\" content=\"https:\/\/prometour.com\/fr\/groupes-adultes\/experiences-de-voyage\/fauna-and-flora\/\" \/>\n<meta property=\"og:site_name\" content=\"Prom&eacute;tour\" \/>\n<meta property=\"article:publisher\" content=\"https:\/\/www.facebook.com\/PrometourEduTours\" \/>\n<meta property=\"article:modified_time\" content=\"2021-03-16T19:43:57+00:00\" \/>\n<meta name=\"twitter:card\" content=\"summary_large_image\" \/>\n<meta name=\"twitter:site\" content=\"@Prometour\" \/>\n<meta name=\"twitter:label1\" content=\"Dur\u00e9e de lecture estim\u00e9e\" \/>\n\t<meta name=\"twitter:data1\" content=\"3 minutes\" \/>\n<script type=\"application\/ld+json\" class=\"yoast-schema-graph\">{\"@context\":\"https:\\\/\\\/schema.org\",\"@graph\":[{\"@type\":\"WebPage\",\"@id\":\"https:\\\/\\\/prometour.com\\\/fr\\\/groupes-adultes\\\/experiences-de-voyage\\\/fauna-and-flora\\\/\",\"url\":\"https:\\\/\\\/prometour.com\\\/fr\\\/groupes-adultes\\\/experiences-de-voyage\\\/fauna-and-flora\\\/\",\"name\":\"Envol par Prom\u00e9tour | Faune et Flore\",\"isPartOf\":{\"@id\":\"https:\\\/\\\/prometour.com\\\/fr\\\/#website\"},\"datePublished\":\"2020-09-11T20:52:31+00:00\",\"dateModified\":\"2021-03-16T19:43:57+00:00\",\"description\":\"Voyage de groupe. Itin\u00e9raires mettant de l'avant la beaut\u00e9 de la nature dans toute sa splendeur. Planifiez votre prochain groupe avec Prom\u00e9tour.\",\"breadcrumb\":{\"@id\":\"https:\\\/\\\/prometour.com\\\/fr\\\/groupes-adultes\\\/experiences-de-voyage\\\/fauna-and-flora\\\/#breadcrumb\"},\"inLanguage\":\"fr-FR\",\"potentialAction\":[{\"@type\":\"ReadAction\",\"target\":[\"https:\\\/\\\/prometour.com\\\/fr\\\/groupes-adultes\\\/experiences-de-voyage\\\/fauna-and-flora\\\/\"]}]},{\"@type\":\"BreadcrumbList\",\"@id\":\"https:\\\/\\\/prometour.com\\\/fr\\\/groupes-adultes\\\/experiences-de-voyage\\\/fauna-and-flora\\\/#breadcrumb\",\"itemListElement\":[{\"@type\":\"ListItem\",\"position\":1,\"name\":\"Prometour\",\"item\":\"https:\\\/\\\/prometour.com\\\/fr\\\/\"},{\"@type\":\"ListItem\",\"position\":2,\"name\":\"Section Page\",\"item\":\"https:\\\/\\\/prometour.com\\\/fr\\\/page_category\\\/section-page-fr\\\/\"},{\"@type\":\"ListItem\",\"position\":3,\"name\":\"Groupes d&rsquo;adultes\",\"item\":\"https:\\\/\\\/prometour.com\\\/fr\\\/groupes-adultes\\\/\"},{\"@type\":\"ListItem\",\"position\":4,\"name\":\"Exp\u00e9riences\",\"item\":\"https:\\\/\\\/prometour.com\\\/fr\\\/groupes-adultes\\\/experiences-de-voyage\\\/\"},{\"@type\":\"ListItem\",\"position\":5,\"name\":\"Faune et flore\"}]},{\"@type\":\"WebSite\",\"@id\":\"https:\\\/\\\/prometour.com\\\/fr\\\/#website\",\"url\":\"https:\\\/\\\/prometour.com\\\/fr\\\/\",\"name\":\"Prom\u00e9tour\",\"description\":\"Experts in Customized Student Tours and Class trips\",\"publisher\":{\"@id\":\"https:\\\/\\\/prometour.com\\\/fr\\\/#organization\"},\"potentialAction\":[{\"@type\":\"SearchAction\",\"target\":{\"@type\":\"EntryPoint\",\"urlTemplate\":\"https:\\\/\\\/prometour.com\\\/fr\\\/?s={search_term_string}\"},\"query-input\":{\"@type\":\"PropertyValueSpecification\",\"valueRequired\":true,\"valueName\":\"search_term_string\"}}],\"inLanguage\":\"fr-FR\"},{\"@type\":\"Organization\",\"@id\":\"https:\\\/\\\/prometour.com\\\/fr\\\/#organization\",\"name\":\"Prom\u00e9tour Educational Tours\",\"url\":\"https:\\\/\\\/prometour.com\\\/fr\\\/\",\"logo\":{\"@type\":\"ImageObject\",\"inLanguage\":\"fr-FR\",\"@id\":\"https:\\\/\\\/prometour.com\\\/fr\\\/#\\\/schema\\\/logo\\\/image\\\/\",\"url\":\"https:\\\/\\\/prometour.com\\\/wp-content\\\/uploads\\\/2017\\\/11\\\/Prometour_Logo_CMYK.gif\",\"contentUrl\":\"https:\\\/\\\/prometour.com\\\/wp-content\\\/uploads\\\/2017\\\/11\\\/Prometour_Logo_CMYK.gif\",\"width\":2265,\"height\":663,\"caption\":\"Prom\u00e9tour Educational Tours\"},\"image\":{\"@id\":\"https:\\\/\\\/prometour.com\\\/fr\\\/#\\\/schema\\\/logo\\\/image\\\/\"},\"sameAs\":[\"https:\\\/\\\/www.facebook.com\\\/PrometourEduTours\",\"https:\\\/\\\/x.com\\\/Prometour\",\"https:\\\/\\\/www.instagram.com\\\/prometour\\\/\",\"https:\\\/\\\/www.linkedin.com\\\/company\\\/prometour\",\"https:\\\/\\\/www.pinterest.ca\\\/prometour\\\/\",\"https:\\\/\\\/www.youtube.com\\\/channel\\\/UCGUzI7zRN1jyJA_vnuq4GPA\"]}]}<\/script>\n<!-- \/ Yoast SEO plugin. -->","yoast_head_json":{"title":"Envol par Prom\u00e9tour | Faune et Flore","description":"Voyage de groupe. Itin\u00e9raires mettant de l'avant la beaut\u00e9 de la nature dans toute sa splendeur. Planifiez votre prochain groupe avec Prom\u00e9tour.","robots":{"index":"index","follow":"follow","max-snippet":"max-snippet:-1","max-image-preview":"max-image-preview:large","max-video-preview":"max-video-preview:-1"},"canonical":"https:\/\/prometour.com\/fr\/groupes-adultes\/experiences-de-voyage\/fauna-and-flora\/","og_locale":"fr_FR","og_type":"article","og_title":"Envol par Prom\u00e9tour | Faune et Flore","og_description":"Voyage de groupe. Itin\u00e9raires mettant de l'avant la beaut\u00e9 de la nature dans toute sa splendeur. Planifiez votre prochain groupe avec Prom\u00e9tour.","og_url":"https:\/\/prometour.com\/fr\/groupes-adultes\/experiences-de-voyage\/fauna-and-flora\/","og_site_name":"Prom&eacute;tour","article_publisher":"https:\/\/www.facebook.com\/PrometourEduTours","article_modified_time":"2021-03-16T19:43:57+00:00","twitter_card":"summary_large_image","twitter_site":"@Prometour","twitter_misc":{"Dur\u00e9e de lecture estim\u00e9e":"3 minutes"},"schema":{"@context":"https:\/\/schema.org","@graph":[{"@type":"WebPage","@id":"https:\/\/prometour.com\/fr\/groupes-adultes\/experiences-de-voyage\/fauna-and-flora\/","url":"https:\/\/prometour.com\/fr\/groupes-adultes\/experiences-de-voyage\/fauna-and-flora\/","name":"Envol par Prom\u00e9tour | Faune et Flore","isPartOf":{"@id":"https:\/\/prometour.com\/fr\/#website"},"datePublished":"2020-09-11T20:52:31+00:00","dateModified":"2021-03-16T19:43:57+00:00","description":"Voyage de groupe. Itin\u00e9raires mettant de l'avant la beaut\u00e9 de la nature dans toute sa splendeur. Planifiez votre prochain groupe avec Prom\u00e9tour.","breadcrumb":{"@id":"https:\/\/prometour.com\/fr\/groupes-adultes\/experiences-de-voyage\/fauna-and-flora\/#breadcrumb"},"inLanguage":"fr-FR","potentialAction":[{"@type":"ReadAction","target":["https:\/\/prometour.com\/fr\/groupes-adultes\/experiences-de-voyage\/fauna-and-flora\/"]}]},{"@type":"BreadcrumbList","@id":"https:\/\/prometour.com\/fr\/groupes-adultes\/experiences-de-voyage\/fauna-and-flora\/#breadcrumb","itemListElement":[{"@type":"ListItem","position":1,"name":"Prometour","item":"https:\/\/prometour.com\/fr\/"},{"@type":"ListItem","position":2,"name":"Section Page","item":"https:\/\/prometour.com\/fr\/page_category\/section-page-fr\/"},{"@type":"ListItem","position":3,"name":"Groupes d&rsquo;adultes","item":"https:\/\/prometour.com\/fr\/groupes-adultes\/"},{"@type":"ListItem","position":4,"name":"Exp\u00e9riences","item":"https:\/\/prometour.com\/fr\/groupes-adultes\/experiences-de-voyage\/"},{"@type":"ListItem","position":5,"name":"Faune et flore"}]},{"@type":"WebSite","@id":"https:\/\/prometour.com\/fr\/#website","url":"https:\/\/prometour.com\/fr\/","name":"Prom\u00e9tour","description":"Experts in Customized Student Tours and Class trips","publisher":{"@id":"https:\/\/prometour.com\/fr\/#organization"},"potentialAction":[{"@type":"SearchAction","target":{"@type":"EntryPoint","urlTemplate":"https:\/\/prometour.com\/fr\/?s={search_term_string}"},"query-input":{"@type":"PropertyValueSpecification","valueRequired":true,"valueName":"search_term_string"}}],"inLanguage":"fr-FR"},{"@type":"Organization","@id":"https:\/\/prometour.com\/fr\/#organization","name":"Prom\u00e9tour Educational Tours","url":"https:\/\/prometour.com\/fr\/","logo":{"@type":"ImageObject","inLanguage":"fr-FR","@id":"https:\/\/prometour.com\/fr\/#\/schema\/logo\/image\/","url":"https:\/\/prometour.com\/wp-content\/uploads\/2017\/11\/Prometour_Logo_CMYK.gif","contentUrl":"https:\/\/prometour.com\/wp-content\/uploads\/2017\/11\/Prometour_Logo_CMYK.gif","width":2265,"height":663,"caption":"Prom\u00e9tour Educational Tours"},"image":{"@id":"https:\/\/prometour.com\/fr\/#\/schema\/logo\/image\/"},"sameAs":["https:\/\/www.facebook.com\/PrometourEduTours","https:\/\/x.com\/Prometour","https:\/\/www.instagram.com\/prometour\/","https:\/\/www.linkedin.com\/company\/prometour","https:\/\/www.pinterest.ca\/prometour\/","https:\/\/www.youtube.com\/channel\/UCGUzI7zRN1jyJA_vnuq4GPA"]}]}},"_links":{"self":[{"href":"https:\/\/prometour.com\/fr\/wp-json\/wp\/v2\/pages\/81735","targetHints":{"allow":["GET"]}}],"collection":[{"href":"https:\/\/prometour.com\/fr\/wp-json\/wp\/v2\/pages"}],"about":[{"href":"https:\/\/prometour.com\/fr\/wp-json\/wp\/v2\/types\/page"}],"author":[{"embeddable":true,"href":"https:\/\/prometour.com\/fr\/wp-json\/wp\/v2\/users\/18"}],"replies":[{"embeddable":true,"href":"https:\/\/prometour.com\/fr\/wp-json\/wp\/v2\/comments?post=81735"}],"version-history":[{"count":6,"href":"https:\/\/prometour.com\/fr\/wp-json\/wp\/v2\/pages\/81735\/revisions"}],"predecessor-version":[{"id":83746,"href":"https:\/\/prometour.com\/fr\/wp-json\/wp\/v2\/pages\/81735\/revisions\/83746"}],"up":[{"embeddable":true,"href":"https:\/\/prometour.com\/fr\/wp-json\/wp\/v2\/pages\/81747"}],"wp:attachment":[{"href":"https:\/\/prometour.com\/fr\/wp-json\/wp\/v2\/media?parent=81735"}],"curies":[{"name":"wp","href":"https:\/\/api.w.org\/{rel}","templated":true}]}}