{"id":81778,"date":"2020-09-11T15:26:39","date_gmt":"2020-09-11T19:26:39","guid":{"rendered":"https:\/\/prometour.com\/beyond-exclusive-groups\/"},"modified":"2021-03-16T16:20:30","modified_gmt":"2021-03-16T20:20:30","slug":"beyond-exclusive-groups","status":"publish","type":"page","link":"https:\/\/prometour.com\/fr\/beyond-exclusive-groups\/","title":{"rendered":"Groupes exclusifs Envol"},"content":{"rendered":"<div class=\"wpb-content-wrapper\"><p>[vc_row row_height_percent=\u00a0\u00bb0&Prime; override_padding=\u00a0\u00bbyes\u00a0\u00bb h_padding=\u00a0\u00bb2&Prime; top_padding=\u00a0\u00bb3&Prime; bottom_padding=\u00a0\u00bb2&Prime; back_color=\u00a0\u00bbcolor-lxmt\u00a0\u00bb overlay_alpha=\u00a0\u00bb50&Prime; equal_height=\u00a0\u00bbyes\u00a0\u00bb gutter_size=\u00a0\u00bb4&Prime; column_width_percent=\u00a0\u00bb100&Prime; shift_y=\u00a0\u00bb0&Prime; z_index=\u00a0\u00bb0&Prime;][vc_column column_width_use_pixel=\u00a0\u00bbyes\u00a0\u00bb position_vertical=\u00a0\u00bbmiddle\u00a0\u00bb align_horizontal=\u00a0\u00bbalign_center\u00a0\u00bb gutter_size=\u00a0\u00bb2&Prime; overlay_alpha=\u00a0\u00bb50&Prime; shift_x=\u00a0\u00bb0&Prime; shift_y=\u00a0\u00bb0&Prime; shift_y_down=\u00a0\u00bb0&Prime; z_index=\u00a0\u00bb0&Prime; medium_width=\u00a0\u00bb0&Prime; mobile_width=\u00a0\u00bb0&Prime; width=\u00a0\u00bb1\/1&Prime; column_width_pixel=\u00a0\u00bb900&Prime;][vc_custom_heading heading_semantic=\u00a0\u00bbh3&Prime; text_size=\u00a0\u00bbfontsize-155944&Prime;]<\/p>\n<h1>Groupes exclusifs\u00a0<i> Envol<\/i>: Joignez-vous \u00e0 l&rsquo;un de nos voyages de groupe<\/h1>\n<p>[\/vc_custom_heading][vc_column_text text_lead=\u00a0\u00bbyes\u00a0\u00bb]Vous planifiez vos prochaines vacances?Joignez l\u2019un des groupes exclusifs de Prom\u00e9tour. Jetez un \u0153il \u00e0 nos destinations les plus populaires telles que la France, l&rsquo;Allemagne, l&rsquo;Espagne et d&rsquo;autres. Offrant un bon \u00e9quilibre entre moments de temps libre et activit\u00e9s locales incluses, nos itin\u00e9raires sont \u00e0 votre port\u00e9e: ne reste plus qu&rsquo;\u00e0 choisir l&rsquo;un de nos voyages exclusifs et de monter \u00e0 bord![\/vc_column_text][\/vc_column][\/vc_row][vc_row row_height_percent=\u00a0\u00bb0&Prime; back_color=\u00a0\u00bbcolor-gyho\u00a0\u00bb overlay_alpha=\u00a0\u00bb50&Prime; equal_height=\u00a0\u00bbyes\u00a0\u00bb gutter_size=\u00a0\u00bb3&Prime; column_width_percent=\u00a0\u00bb100&Prime; shift_y=\u00a0\u00bb0&Prime; z_index=\u00a0\u00bb0&Prime;][vc_column column_width_percent=\u00a0\u00bb100&Prime; position_horizontal=\u00a0\u00bbleft\u00a0\u00bb position_vertical=\u00a0\u00bbmiddle\u00a0\u00bb gutter_size=\u00a0\u00bb3&Prime; overlay_alpha=\u00a0\u00bb50&Prime; shift_x=\u00a0\u00bb0&Prime; shift_y=\u00a0\u00bb0&Prime; shift_y_down=\u00a0\u00bb0&Prime; z_index=\u00a0\u00bb0&Prime; medium_width=\u00a0\u00bb0&Prime; mobile_width=\u00a0\u00bb0&Prime; width=\u00a0\u00bb1\/3&Prime;][vc_single_image media=\u00a0\u00bb81087&Prime; media_width_percent=\u00a0\u00bb100&Prime; media_ratio=\u00a0\u00bbfour-three\u00a0\u00bb alignment=\u00a0\u00bbcenter\u00a0\u00bb shadow=\u00a0\u00bbyes\u00a0\u00bb media_link=\u00a0\u00bb|||\u00a0\u00bb][\/vc_column][vc_column column_width_percent=\u00a0\u00bb100&Prime; position_horizontal=\u00a0\u00bbleft\u00a0\u00bb gutter_size=\u00a0\u00bb3&Prime; overlay_alpha=\u00a0\u00bb50&Prime; shift_x=\u00a0\u00bb0&Prime; shift_y=\u00a0\u00bb0&Prime; shift_y_down=\u00a0\u00bb0&Prime; z_index=\u00a0\u00bb0&Prime; medium_width=\u00a0\u00bb0&Prime; mobile_width=\u00a0\u00bb0&Prime; width=\u00a0\u00bb1\/2&Prime;][vc_column_text text_lead=\u00a0\u00bbyes\u00a0\u00bb]<\/p>\n<h3><em>\u00c0 NE PAS MANQUER!<\/em><br \/>\nCircuit: Allemagne, la For\u00eat Noire | 9 Jours<strong><br \/>\n<\/strong><\/h3>\n<p><strong>Prochain d\u00e9part: <\/strong>10 au 18 juillet, 2021 (accompagn\u00e9 en anglais)<\/p>\n<p><strong>Itin\u00e9raire<\/strong>: Francfort, Heidelberg, Strasbourg, Fribourg et Stuttgart.<\/p>\n<p><strong>Synth\u00e8se<\/strong>: Visitez le ch\u00e2teau de Heidelberg, explorez le mus\u00e9e en plein air de la For\u00eat-Noire, profitez d&rsquo;une d\u00e9gustation de vin et visitez le mus\u00e9e Mercedes Benz.<\/p>\n<p><strong>R\u00e9servez-t\u00f4t!\u00a0 <\/strong>\u00c9pargnez $350 USD par personne en r\u00e9servant ce circuit avant le 15 d\u00e9cembre 2020. Prix r\u00e9gulier apr\u00e8s cette date: $2095 USD par personne, en occupation double.[\/vc_column_text][\/vc_column][vc_column column_width_percent=\u00a0\u00bb100&Prime; position_vertical=\u00a0\u00bbmiddle\u00a0\u00bb gutter_size=\u00a0\u00bb3&Prime; overlay_alpha=\u00a0\u00bb50&Prime; shift_x=\u00a0\u00bb0&Prime; shift_y=\u00a0\u00bb0&Prime; shift_y_down=\u00a0\u00bb0&Prime; z_index=\u00a0\u00bb0&Prime; medium_width=\u00a0\u00bb0&Prime; mobile_width=\u00a0\u00bb0&Prime; width=\u00a0\u00bb1\/6&Prime;][vc_button button_color=\u00a0\u00bbcolor-632047&Prime; border_width=\u00a0\u00bb0&Prime;]R\u00c9SERVEZ T\u00d4T! EPARGNEZ $700 PAR COUPLE.[\/vc_button][vc_column_text]<\/p>\n<h3 style=\"text-align: center;\"><\/h3>\n<p style=\"text-align: center;\"><strong><em>$1,745* USD<\/em><\/strong><\/p>\n<p style=\"text-align: center;\"><em>Par personne<\/em><\/p>\n<p>[\/vc_column_text][vc_raw_html]JTNDJTIxLS1IdWJTcG90JTIwQ2FsbC10by1BY3Rpb24lMjBDb2RlJTIwLS0lM0UlM0NzcGFuJTIwY2xhc3MlM0QlMjJocy1jdGEtd3JhcHBlciUyMiUyMGlkJTNEJTIyaHMtY3RhLXdyYXBwZXItNjZiOGI5NGYtZjlkOC00YjNlLTkwMmQtMDk2NTI4ZWY3MjMzJTIyJTNFJTNDc3BhbiUyMGNsYXNzJTNEJTIyaHMtY3RhLW5vZGUlMjBocy1jdGEtNjZiOGI5NGYtZjlkOC00YjNlLTkwMmQtMDk2NTI4ZWY3MjMzJTIyJTIwaWQlM0QlMjJocy1jdGEtNjZiOGI5NGYtZjlkOC00YjNlLTkwMmQtMDk2NTI4ZWY3MjMzJTIyJTNFJTNDJTIxLS0lNUJpZiUyMGx0ZSUyMElFJTIwOCU1RCUzRSUzQ2RpdiUyMGlkJTNEJTIyaHMtY3RhLWllLWVsZW1lbnQlMjIlM0UlM0MlMkZkaXYlM0UlM0MlMjElNUJlbmRpZiU1RC0tJTNFJTNDYSUyMGhyZWYlM0QlMjJodHRwcyUzQSUyRiUyRmN0YS1yZWRpcmVjdC5odWJzcG90LmNvbSUyRmN0YSUyRnJlZGlyZWN0JTJGNDcyMDA5NCUyRjY2YjhiOTRmLWY5ZDgtNGIzZS05MDJkLTA5NjUyOGVmNzIzMyUyMiUyMCUyMHRhcmdldCUzRCUyMl9ibGFuayUyMiUyMCUzRSUzQ2ltZyUyMGNsYXNzJTNEJTIyaHMtY3RhLWltZyUyMiUyMGlkJTNEJTIyaHMtY3RhLWltZy02NmI4Yjk0Zi1mOWQ4LTRiM2UtOTAyZC0wOTY1MjhlZjcyMzMlMjIlMjBzdHlsZSUzRCUyMmJvcmRlci13aWR0aCUzQTBweCUzQiUyMiUyMHNyYyUzRCUyMmh0dHBzJTNBJTJGJTJGbm8tY2FjaGUuaHVic3BvdC5jb20lMkZjdGElMkZkZWZhdWx0JTJGNDcyMDA5NCUyRjY2YjhiOTRmLWY5ZDgtNGIzZS05MDJkLTA5NjUyOGVmNzIzMy5wbmclMjIlMjAlMjBhbHQlM0QlMjJWSUVXJTIwSVRJTkVSQVJZJTIyJTJGJTNFJTNDJTJGYSUzRSUzQyUyRnNwYW4lM0UlM0NzY3JpcHQlMjBjaGFyc2V0JTNEJTIydXRmLTglMjIlMjBzcmMlM0QlMjJodHRwcyUzQSUyRiUyRmpzLmhzY3RhLm5ldCUyRmN0YSUyRmN1cnJlbnQuanMlMjIlM0UlM0MlMkZzY3JpcHQlM0UlM0NzY3JpcHQlMjB0eXBlJTNEJTIydGV4dCUyRmphdmFzY3JpcHQlMjIlM0UlMjBoYnNwdC5jdGEubG9hZCUyODQ3MjAwOTQlMkMlMjAlMjc2NmI4Yjk0Zi1mOWQ4LTRiM2UtOTAyZC0wOTY1MjhlZjcyMzMlMjclMkMlMjAlN0IlN0QlMjklM0IlMjAlM0MlMkZzY3JpcHQlM0UlM0MlMkZzcGFuJTNFJTNDJTIxLS0lMjBlbmQlMjBIdWJTcG90JTIwQ2FsbC10by1BY3Rpb24lMjBDb2RlJTIwLS0lM0U=[\/vc_raw_html][\/vc_column][\/vc_row][vc_row row_height_percent=\u00a0\u00bb0&Prime; back_color=\u00a0\u00bbcolor-xsdn\u00a0\u00bb overlay_alpha=\u00a0\u00bb50&Prime; equal_height=\u00a0\u00bbyes\u00a0\u00bb gutter_size=\u00a0\u00bb3&Prime; column_width_percent=\u00a0\u00bb100&Prime; shift_y=\u00a0\u00bb0&Prime; z_index=\u00a0\u00bb0&Prime;][vc_column column_width_percent=\u00a0\u00bb100&Prime; position_horizontal=\u00a0\u00bbleft\u00a0\u00bb position_vertical=\u00a0\u00bbmiddle\u00a0\u00bb gutter_size=\u00a0\u00bb3&Prime; overlay_alpha=\u00a0\u00bb50&Prime; shift_x=\u00a0\u00bb0&Prime; shift_y=\u00a0\u00bb0&Prime; shift_y_down=\u00a0\u00bb0&Prime; z_index=\u00a0\u00bb0&Prime; medium_width=\u00a0\u00bb0&Prime; mobile_width=\u00a0\u00bb0&Prime; width=\u00a0\u00bb1\/3&Prime;][vc_single_image media=\u00a0\u00bb81091&Prime; media_width_percent=\u00a0\u00bb100&Prime; media_ratio=\u00a0\u00bbfour-three\u00a0\u00bb alignment=\u00a0\u00bbcenter\u00a0\u00bb shadow=\u00a0\u00bbyes\u00a0\u00bb media_link=\u00a0\u00bb|||\u00a0\u00bb][\/vc_column][vc_column column_width_percent=\u00a0\u00bb100&Prime; position_horizontal=\u00a0\u00bbleft\u00a0\u00bb gutter_size=\u00a0\u00bb3&Prime; overlay_alpha=\u00a0\u00bb50&Prime; shift_x=\u00a0\u00bb0&Prime; shift_y=\u00a0\u00bb0&Prime; shift_y_down=\u00a0\u00bb0&Prime; z_index=\u00a0\u00bb0&Prime; medium_width=\u00a0\u00bb0&Prime; mobile_width=\u00a0\u00bb0&Prime; width=\u00a0\u00bb1\/2&Prime;][vc_column_text text_lead=\u00a0\u00bbyes\u00a0\u00bb]<\/p>\n<h3>Circuit: Authentique Portugal | 9 Jours<\/h3>\n<p><b>Prochain d\u00e9part: <\/b>27 au 25 juillet (en anglais)<\/p>\n<p><strong>Itin\u00e9raire<\/strong>: Lisbonne, Evora, Castelo Branco, Viseu, Guimaraes et Porto<\/p>\n<p><strong>Synth\u00e8se<\/strong>: Visitez la tour de Bel\u00e9m du XVIe si\u00e8cle et le jardin du palais \u00e9piscopal \u00e0 Lisbonne, explorez les villes historiques du centre du Portugal et profitez de d\u00e9gustations de vin \u00e0 Porto.<\/p>\n<p><strong>R\u00e9servez-t\u00f4t!\u00a0 <\/strong>\u00c9pargnez $250 USD par personne en r\u00e9servant ce circuit avant le 15 d\u00e9cembre 2020. Prix r\u00e9gulier apr\u00e8s cette date: $1690 USD par personne, en occupation double.[\/vc_column_text][\/vc_column][vc_column column_width_percent=\u00a0\u00bb100&Prime; position_vertical=\u00a0\u00bbmiddle\u00a0\u00bb gutter_size=\u00a0\u00bb3&Prime; overlay_alpha=\u00a0\u00bb50&Prime; shift_x=\u00a0\u00bb0&Prime; shift_y=\u00a0\u00bb0&Prime; shift_y_down=\u00a0\u00bb0&Prime; z_index=\u00a0\u00bb0&Prime; medium_width=\u00a0\u00bb0&Prime; mobile_width=\u00a0\u00bb0&Prime; width=\u00a0\u00bb1\/6&Prime;][vc_button button_color=\u00a0\u00bbcolor-632047&Prime; border_width=\u00a0\u00bb0&Prime;]R\u00c9SERVEZ T\u00d4T! EPARGNEZ $500 PAR COUPLE.[\/vc_button][vc_column_text]<\/p>\n<p style=\"text-align: center;\"><em>Seulement<\/em><\/p>\n<p style=\"text-align: center;\"><strong><em>1520$* USD<\/em><\/strong><\/p>\n<p style=\"text-align: center;\"><em>Par personne<\/em><\/p>\n<p>[\/vc_column_text][vc_raw_html][\/vc_raw_html][\/vc_column][\/vc_row][vc_row row_height_percent=\u00a0\u00bb0&Prime; back_color=\u00a0\u00bbcolor-gyho\u00a0\u00bb overlay_alpha=\u00a0\u00bb50&Prime; equal_height=\u00a0\u00bbyes\u00a0\u00bb gutter_size=\u00a0\u00bb3&Prime; column_width_percent=\u00a0\u00bb100&Prime; shift_y=\u00a0\u00bb0&Prime; z_index=\u00a0\u00bb0&Prime;][vc_column column_width_percent=\u00a0\u00bb100&Prime; position_horizontal=\u00a0\u00bbleft\u00a0\u00bb position_vertical=\u00a0\u00bbmiddle\u00a0\u00bb gutter_size=\u00a0\u00bb3&Prime; overlay_alpha=\u00a0\u00bb50&Prime; shift_x=\u00a0\u00bb0&Prime; shift_y=\u00a0\u00bb0&Prime; shift_y_down=\u00a0\u00bb0&Prime; z_index=\u00a0\u00bb0&Prime; medium_width=\u00a0\u00bb0&Prime; mobile_width=\u00a0\u00bb0&Prime; width=\u00a0\u00bb1\/3&Prime;][vc_single_image media=\u00a0\u00bb81089&Prime; media_width_percent=\u00a0\u00bb100&Prime; media_ratio=\u00a0\u00bbfour-three\u00a0\u00bb alignment=\u00a0\u00bbcenter\u00a0\u00bb shadow=\u00a0\u00bbyes\u00a0\u00bb media_link=\u00a0\u00bb|||\u00a0\u00bb][\/vc_column][vc_column column_width_percent=\u00a0\u00bb100&Prime; position_horizontal=\u00a0\u00bbleft\u00a0\u00bb gutter_size=\u00a0\u00bb3&Prime; overlay_alpha=\u00a0\u00bb50&Prime; shift_x=\u00a0\u00bb0&Prime; shift_y=\u00a0\u00bb0&Prime; shift_y_down=\u00a0\u00bb0&Prime; z_index=\u00a0\u00bb0&Prime; medium_width=\u00a0\u00bb0&Prime; mobile_width=\u00a0\u00bb0&Prime; width=\u00a0\u00bb1\/2&Prime;][vc_column_text text_lead=\u00a0\u00bbyes\u00a0\u00bb]<\/p>\n<h3>Circuit: La France et ses Ch\u00e2teaux | 9 Jours<\/h3>\n<p><strong>Prochain d\u00e9part: <\/strong>24 juillet au 1 ao\u00fbt 2021\u00a0(en anglais)<\/p>\n<p><strong>Itin\u00e9raire<\/strong>: Paris, Versailles, Chartres, Chenonceau, Tours, Chambord, Amboise, Nantes<\/p>\n<p><strong>Synth\u00e8se<\/strong>: Visitez la tour Eiffel, le mus\u00e9e d&rsquo;Orsay et le ch\u00e2teau de Versailles et faites une excursion dans la vall\u00e9e de la Loire.[\/vc_column_text][\/vc_column][vc_column column_width_percent=\u00a0\u00bb100&Prime; position_vertical=\u00a0\u00bbmiddle\u00a0\u00bb gutter_size=\u00a0\u00bb3&Prime; overlay_alpha=\u00a0\u00bb50&Prime; shift_x=\u00a0\u00bb0&Prime; shift_y=\u00a0\u00bb0&Prime; shift_y_down=\u00a0\u00bb0&Prime; z_index=\u00a0\u00bb0&Prime; medium_width=\u00a0\u00bb0&Prime; mobile_width=\u00a0\u00bb0&Prime; width=\u00a0\u00bb1\/6&Prime;][vc_column_text text_lead=\u00a0\u00bbyes\u00a0\u00bb]<\/p>\n<p style=\"text-align: center;\"><em>Seulement<\/em><\/p>\n<p style=\"text-align: center;\"><strong><em>2115$ USD<\/em><\/strong><\/p>\n<p style=\"text-align: center;\"><em>Par personne<\/em><\/p>\n<p>[\/vc_column_text][vc_raw_html][\/vc_raw_html][\/vc_column][\/vc_row][vc_row row_height_percent=\u00a0\u00bb0&Prime; back_color=\u00a0\u00bbcolor-xsdn\u00a0\u00bb overlay_alpha=\u00a0\u00bb50&Prime; equal_height=\u00a0\u00bbyes\u00a0\u00bb gutter_size=\u00a0\u00bb3&Prime; column_width_percent=\u00a0\u00bb100&Prime; shift_y=\u00a0\u00bb0&Prime; z_index=\u00a0\u00bb0&Prime; shape_dividers=\u00a0\u00bb\u00a0\u00bb][vc_column column_width_percent=\u00a0\u00bb100&Prime; position_horizontal=\u00a0\u00bbleft\u00a0\u00bb position_vertical=\u00a0\u00bbmiddle\u00a0\u00bb gutter_size=\u00a0\u00bb3&Prime; overlay_alpha=\u00a0\u00bb50&Prime; shift_x=\u00a0\u00bb0&Prime; shift_y=\u00a0\u00bb0&Prime; shift_y_down=\u00a0\u00bb0&Prime; z_index=\u00a0\u00bb0&Prime; medium_width=\u00a0\u00bb0&Prime; mobile_width=\u00a0\u00bb0&Prime; width=\u00a0\u00bb1\/3&Prime;][vc_single_image media=\u00a0\u00bb81101&Prime; media_width_percent=\u00a0\u00bb100&Prime; media_ratio=\u00a0\u00bbfour-three\u00a0\u00bb alignment=\u00a0\u00bbcenter\u00a0\u00bb shadow=\u00a0\u00bbyes\u00a0\u00bb media_link=\u00a0\u00bb|||\u00a0\u00bb][\/vc_column][vc_column column_width_percent=\u00a0\u00bb100&Prime; position_horizontal=\u00a0\u00bbleft\u00a0\u00bb gutter_size=\u00a0\u00bb3&Prime; overlay_alpha=\u00a0\u00bb50&Prime; shift_x=\u00a0\u00bb0&Prime; shift_y=\u00a0\u00bb0&Prime; shift_y_down=\u00a0\u00bb0&Prime; z_index=\u00a0\u00bb0&Prime; medium_width=\u00a0\u00bb0&Prime; mobile_width=\u00a0\u00bb0&Prime; width=\u00a0\u00bb1\/2&Prime;][vc_column_text text_lead=\u00a0\u00bbyes\u00a0\u00bb]<\/p>\n<h3>Circuit: Le meilleur de l&rsquo;Italie | 9 Jours<\/h3>\n<p><b>Prochain d\u00e9part: <\/b>4 au 12 septembre 2021 (en anglais)<\/p>\n<p><strong>Itin\u00e9raire<\/strong>: Rome, Assise, Venise, Florence<\/p>\n<p><strong>Synth\u00e8se<\/strong>: Explorez Rome et le Colis\u00e9e, d\u00e9couvrez la l\u00e9gendaire place Saint-Marc de Venise, visitez la tour pench\u00e9e de Pise.[\/vc_column_text][\/vc_column][vc_column column_width_percent=\u00a0\u00bb100&Prime; position_vertical=\u00a0\u00bbmiddle\u00a0\u00bb gutter_size=\u00a0\u00bb3&Prime; overlay_alpha=\u00a0\u00bb50&Prime; shift_x=\u00a0\u00bb0&Prime; shift_y=\u00a0\u00bb0&Prime; shift_y_down=\u00a0\u00bb0&Prime; z_index=\u00a0\u00bb0&Prime; medium_width=\u00a0\u00bb0&Prime; mobile_width=\u00a0\u00bb0&Prime; width=\u00a0\u00bb1\/6&Prime;][vc_column_text]<\/p>\n<p style=\"text-align: center;\"><em>Seulement<\/em><\/p>\n<p style=\"text-align: center;\"><strong><em>\u00a01970$ USD<\/em><\/strong><\/p>\n<p style=\"text-align: center;\"><em>Par personne<\/em><\/p>\n<p>[\/vc_column_text][vc_raw_html][\/vc_raw_html][\/vc_column][\/vc_row][vc_row row_height_percent=\u00a0\u00bb0&Prime; back_color=\u00a0\u00bbcolor-gyho\u00a0\u00bb overlay_alpha=\u00a0\u00bb50&Prime; equal_height=\u00a0\u00bbyes\u00a0\u00bb gutter_size=\u00a0\u00bb3&Prime; column_width_percent=\u00a0\u00bb100&Prime; shift_y=\u00a0\u00bb0&Prime; z_index=\u00a0\u00bb0&Prime; shape_dividers=\u00a0\u00bb\u00a0\u00bb][vc_column column_width_percent=\u00a0\u00bb100&Prime; position_horizontal=\u00a0\u00bbleft\u00a0\u00bb position_vertical=\u00a0\u00bbmiddle\u00a0\u00bb gutter_size=\u00a0\u00bb3&Prime; overlay_alpha=\u00a0\u00bb50&Prime; shift_x=\u00a0\u00bb0&Prime; shift_y=\u00a0\u00bb0&Prime; shift_y_down=\u00a0\u00bb0&Prime; z_index=\u00a0\u00bb0&Prime; medium_width=\u00a0\u00bb0&Prime; mobile_width=\u00a0\u00bb0&Prime; width=\u00a0\u00bb1\/3&Prime;][vc_single_image media=\u00a0\u00bb76093&Prime; media_width_percent=\u00a0\u00bb100&Prime; media_ratio=\u00a0\u00bbfour-three\u00a0\u00bb alignment=\u00a0\u00bbcenter\u00a0\u00bb shadow=\u00a0\u00bbyes\u00a0\u00bb media_link=\u00a0\u00bb|||\u00a0\u00bb][\/vc_column][vc_column column_width_percent=\u00a0\u00bb100&Prime; position_horizontal=\u00a0\u00bbleft\u00a0\u00bb gutter_size=\u00a0\u00bb3&Prime; overlay_alpha=\u00a0\u00bb50&Prime; shift_x=\u00a0\u00bb0&Prime; shift_y=\u00a0\u00bb0&Prime; shift_y_down=\u00a0\u00bb0&Prime; z_index=\u00a0\u00bb0&Prime; medium_width=\u00a0\u00bb0&Prime; mobile_width=\u00a0\u00bb0&Prime; width=\u00a0\u00bb1\/2&Prime;][vc_column_text text_lead=\u00a0\u00bbyes\u00a0\u00bb]<\/p>\n<h3>Circuit: Espagne, Madrid et Barcelone | 9 jours<\/h3>\n<p><strong>Prochain d\u00e9part: <\/strong>18 au 26 septembre 2021 (en anglais)<\/p>\n<p><strong>Itin\u00e9raire<\/strong>: Madrid, Tol\u00e8de, Barcelone, Figueres et Cadaques<\/p>\n<p><strong>Synth\u00e8se<\/strong>: Visitez le palais royal de Madrid, le mus\u00e9e Rena Sofia et le Prado, explorez les villes pittoresques de Tol\u00e8de, Figueres et Cadaques. D\u00e9couvrez les merveilleux chefs-d&rsquo;\u0153uvre de Gaudi \u00e0 Barcelone.[\/vc_column_text][\/vc_column][vc_column column_width_percent=\u00a0\u00bb100&Prime; position_vertical=\u00a0\u00bbmiddle\u00a0\u00bb gutter_size=\u00a0\u00bb3&Prime; overlay_alpha=\u00a0\u00bb50&Prime; shift_x=\u00a0\u00bb0&Prime; shift_y=\u00a0\u00bb0&Prime; shift_y_down=\u00a0\u00bb0&Prime; z_index=\u00a0\u00bb0&Prime; medium_width=\u00a0\u00bb0&Prime; mobile_width=\u00a0\u00bb0&Prime; width=\u00a0\u00bb1\/6&Prime;][vc_column_text]<\/p>\n<p style=\"text-align: center;\"><em>Seulement<\/em><\/p>\n<p style=\"text-align: center;\"><strong><em>2055$ USD<\/em><\/strong><\/p>\n<p style=\"text-align: center;\"><em>Par personne<\/em><\/p>\n<p>[\/vc_column_text][vc_raw_html][\/vc_raw_html][\/vc_column][\/vc_row][vc_row unlock_row_content=\u00a0\u00bbyes\u00a0\u00bb row_height_percent=\u00a0\u00bb0&Prime; override_padding=\u00a0\u00bbyes\u00a0\u00bb h_padding=\u00a0\u00bb2&Prime; top_padding=\u00a0\u00bb5&Prime; bottom_padding=\u00a0\u00bb5&Prime; overlay_alpha=\u00a0\u00bb50&Prime; gutter_size=\u00a0\u00bb4&Prime; column_width_use_pixel=\u00a0\u00bbyes\u00a0\u00bb shift_y=\u00a0\u00bb0&Prime; z_index=\u00a0\u00bb0&Prime; column_width_pixel=\u00a0\u00bb1600&Prime;][vc_column width=\u00a0\u00bb7\/12&Prime;][vc_single_image media=\u00a0\u00bb81275&Prime; media_width_percent=\u00a0\u00bb100&Prime; media_ratio=\u00a0\u00bbfour-three\u00a0\u00bb][\/vc_column][vc_column column_width_percent=\u00a0\u00bb100&Prime; position_vertical=\u00a0\u00bbmiddle\u00a0\u00bb gutter_size=\u00a0\u00bb3&Prime; overlay_alpha=\u00a0\u00bb50&Prime; shift_x=\u00a0\u00bb0&Prime; shift_y=\u00a0\u00bb0&Prime; shift_y_down=\u00a0\u00bb0&Prime; z_index=\u00a0\u00bb0&Prime; medium_width=\u00a0\u00bb0&Prime; mobile_width=\u00a0\u00bb0&Prime; width=\u00a0\u00bb5\/12&Prime;][vc_custom_heading heading_semantic=\u00a0\u00bbh3&Prime; text_size=\u00a0\u00bbfontsize-155944&Prime;]<\/p>\n<h2>Les circuits Envol par Prom\u00e9tour &#8211; R\u00e9servez d\u00e8s maintenant!<\/h2>\n<p>[\/vc_custom_heading][vc_column_text]Pour r\u00e9server et obtenir plus d&rsquo;information, appelez-nous:<\/p>\n<p><a href=\"tel:\/\/1-800-304-9446\">USA: 1-800-304-9446<\/a><br \/>\n<a href=\"tel:\/\/1-800-657-7754\">CAN: 1-800-657-7754<\/a><\/p>\n<p>Ou envoyez votre demande, nous communiquerons avec vous rapidement:[\/vc_column_text][vc_raw_html]JTNDJTIxLS0lNUJpZiUyMGx0ZSUyMElFJTIwOCU1RCUzRSUwQSUzQ3NjcmlwdCUyMGNoYXJzZXQlM0QlMjJ1dGYtOCUyMiUyMHR5cGUlM0QlMjJ0ZXh0JTJGamF2YXNjcmlwdCUyMiUyMHNyYyUzRCUyMiUyRiUyRmpzLmhzZm9ybXMubmV0JTJGZm9ybXMlMkZ2Mi1sZWdhY3kuanMlMjIlM0UlM0MlMkZzY3JpcHQlM0UlMEElM0MlMjElNUJlbmRpZiU1RC0tJTNFJTBBJTNDc2NyaXB0JTIwY2hhcnNldCUzRCUyMnV0Zi04JTIyJTIwdHlwZSUzRCUyMnRleHQlMkZqYXZhc2NyaXB0JTIyJTIwc3JjJTNEJTIyJTJGJTJGanMuaHNmb3Jtcy5uZXQlMkZmb3JtcyUyRnYyLmpzJTIyJTNFJTNDJTJGc2NyaXB0JTNFJTBBJTNDc2NyaXB0JTNFJTBBJTIwJTIwaGJzcHQuZm9ybXMuY3JlYXRlJTI4JTdCJTBBJTA5cG9ydGFsSWQlM0ElMjAlMjI0NzIwMDk0JTIyJTJDJTBBJTA5Zm9ybUlkJTNBJTIwJTIyNmE4MjA3MTYtZjNiNi00ZDRjLTg5OTktYjU5N2YzODE1NTdiJTIyJTBBJTdEJTI5JTNCJTBBJTNDJTJGc2NyaXB0JTNF[\/vc_raw_html][\/vc_column][\/vc_row]<\/p>\n<\/div>","protected":false},"excerpt":{"rendered":"<p>[vc_row row_height_percent=\u00a0\u00bb0&Prime; override_padding=\u00a0\u00bbyes\u00a0\u00bb h_padding=\u00a0\u00bb2&Prime; top_padding=\u00a0\u00bb3&Prime; bottom_padding=\u00a0\u00bb2&Prime; back_color=\u00a0\u00bbcolor-lxmt\u00a0\u00bb overlay_alpha=\u00a0\u00bb50&Prime; equal_height=\u00a0\u00bbyes\u00a0\u00bb gutter_size=\u00a0\u00bb4&Prime; column_width_percent=\u00a0\u00bb100&Prime; shift_y=\u00a0\u00bb0&Prime; z_index=\u00a0\u00bb0&Prime;][vc_column column_width_use_pixel=\u00a0\u00bbyes\u00a0\u00bb position_vertical=\u00a0\u00bbmiddle\u00a0\u00bb align_horizontal=\u00a0\u00bbalign_center\u00a0\u00bb gutter_size=\u00a0\u00bb2&Prime; overlay_alpha=\u00a0\u00bb50&Prime; shift_x=\u00a0\u00bb0&Prime; shift_y=\u00a0\u00bb0&Prime; [&hellip;]<\/p>\n","protected":false},"author":18,"featured_media":0,"parent":0,"menu_order":0,"comment_status":"closed","ping_status":"closed","template":"","meta":{"content-type":"","footnotes":""},"class_list":["post-81778","page","type-page","status-publish","hentry"],"yoast_head":"<!-- This site is optimized with the Yoast SEO plugin v27.5 - https:\/\/yoast.com\/product\/yoast-seo-wordpress\/ -->\n<title>Envol par Prom\u00e9tour | Groupes exclusifs Envol<\/title>\n<meta name=\"description\" content=\"Groupes exclusifs\u00a0Envol: Joignez-vous \u00e0 l&#039;un des voyages de groupe Envol par Prom\u00e9tour.\" \/>\n<meta name=\"robots\" content=\"index, follow, max-snippet:-1, max-image-preview:large, max-video-preview:-1\" \/>\n<link rel=\"canonical\" href=\"https:\/\/prometour.com\/fr\/beyond-exclusive-groups\/\" \/>\n<meta property=\"og:locale\" content=\"fr_FR\" \/>\n<meta property=\"og:type\" content=\"article\" \/>\n<meta property=\"og:title\" content=\"Envol par Prom\u00e9tour | Groupes exclusifs Envol\" \/>\n<meta property=\"og:description\" content=\"Groupes exclusifs\u00a0Envol: Joignez-vous \u00e0 l&#039;un des voyages de groupe Envol par Prom\u00e9tour.\" \/>\n<meta property=\"og:url\" content=\"https:\/\/prometour.com\/fr\/beyond-exclusive-groups\/\" \/>\n<meta property=\"og:site_name\" content=\"Prom&eacute;tour\" \/>\n<meta property=\"article:publisher\" content=\"https:\/\/www.facebook.com\/PrometourEduTours\" \/>\n<meta property=\"article:modified_time\" content=\"2021-03-16T20:20:30+00:00\" \/>\n<meta name=\"twitter:card\" content=\"summary_large_image\" \/>\n<meta name=\"twitter:site\" content=\"@Prometour\" \/>\n<meta name=\"twitter:label1\" content=\"Dur\u00e9e de lecture estim\u00e9e\" \/>\n\t<meta name=\"twitter:data1\" content=\"8 minutes\" \/>\n<script type=\"application\/ld+json\" class=\"yoast-schema-graph\">{\"@context\":\"https:\\\/\\\/schema.org\",\"@graph\":[{\"@type\":\"WebPage\",\"@id\":\"https:\\\/\\\/prometour.com\\\/fr\\\/beyond-exclusive-groups\\\/\",\"url\":\"https:\\\/\\\/prometour.com\\\/fr\\\/beyond-exclusive-groups\\\/\",\"name\":\"Envol par Prom\u00e9tour | Groupes exclusifs Envol\",\"isPartOf\":{\"@id\":\"https:\\\/\\\/prometour.com\\\/fr\\\/#website\"},\"datePublished\":\"2020-09-11T19:26:39+00:00\",\"dateModified\":\"2021-03-16T20:20:30+00:00\",\"description\":\"Groupes exclusifs\u00a0Envol: Joignez-vous \u00e0 l'un des voyages de groupe Envol par Prom\u00e9tour.\",\"breadcrumb\":{\"@id\":\"https:\\\/\\\/prometour.com\\\/fr\\\/beyond-exclusive-groups\\\/#breadcrumb\"},\"inLanguage\":\"fr-FR\",\"potentialAction\":[{\"@type\":\"ReadAction\",\"target\":[\"https:\\\/\\\/prometour.com\\\/fr\\\/beyond-exclusive-groups\\\/\"]}]},{\"@type\":\"BreadcrumbList\",\"@id\":\"https:\\\/\\\/prometour.com\\\/fr\\\/beyond-exclusive-groups\\\/#breadcrumb\",\"itemListElement\":[{\"@type\":\"ListItem\",\"position\":1,\"name\":\"Prometour\",\"item\":\"https:\\\/\\\/prometour.com\\\/fr\\\/\"},{\"@type\":\"ListItem\",\"position\":2,\"name\":\"Groupes exclusifs Envol\"}]},{\"@type\":\"WebSite\",\"@id\":\"https:\\\/\\\/prometour.com\\\/fr\\\/#website\",\"url\":\"https:\\\/\\\/prometour.com\\\/fr\\\/\",\"name\":\"Prom\u00e9tour\",\"description\":\"Experts in Customized Student Tours and Class trips\",\"publisher\":{\"@id\":\"https:\\\/\\\/prometour.com\\\/fr\\\/#organization\"},\"potentialAction\":[{\"@type\":\"SearchAction\",\"target\":{\"@type\":\"EntryPoint\",\"urlTemplate\":\"https:\\\/\\\/prometour.com\\\/fr\\\/?s={search_term_string}\"},\"query-input\":{\"@type\":\"PropertyValueSpecification\",\"valueRequired\":true,\"valueName\":\"search_term_string\"}}],\"inLanguage\":\"fr-FR\"},{\"@type\":\"Organization\",\"@id\":\"https:\\\/\\\/prometour.com\\\/fr\\\/#organization\",\"name\":\"Prom\u00e9tour Educational Tours\",\"url\":\"https:\\\/\\\/prometour.com\\\/fr\\\/\",\"logo\":{\"@type\":\"ImageObject\",\"inLanguage\":\"fr-FR\",\"@id\":\"https:\\\/\\\/prometour.com\\\/fr\\\/#\\\/schema\\\/logo\\\/image\\\/\",\"url\":\"https:\\\/\\\/prometour.com\\\/wp-content\\\/uploads\\\/2017\\\/11\\\/Prometour_Logo_CMYK.gif\",\"contentUrl\":\"https:\\\/\\\/prometour.com\\\/wp-content\\\/uploads\\\/2017\\\/11\\\/Prometour_Logo_CMYK.gif\",\"width\":2265,\"height\":663,\"caption\":\"Prom\u00e9tour Educational Tours\"},\"image\":{\"@id\":\"https:\\\/\\\/prometour.com\\\/fr\\\/#\\\/schema\\\/logo\\\/image\\\/\"},\"sameAs\":[\"https:\\\/\\\/www.facebook.com\\\/PrometourEduTours\",\"https:\\\/\\\/x.com\\\/Prometour\",\"https:\\\/\\\/www.instagram.com\\\/prometour\\\/\",\"https:\\\/\\\/www.linkedin.com\\\/company\\\/prometour\",\"https:\\\/\\\/www.pinterest.ca\\\/prometour\\\/\",\"https:\\\/\\\/www.youtube.com\\\/channel\\\/UCGUzI7zRN1jyJA_vnuq4GPA\"]}]}<\/script>\n<!-- \/ Yoast SEO plugin. -->","yoast_head_json":{"title":"Envol par Prom\u00e9tour | Groupes exclusifs Envol","description":"Groupes exclusifs\u00a0Envol: Joignez-vous \u00e0 l'un des voyages de groupe Envol par Prom\u00e9tour.","robots":{"index":"index","follow":"follow","max-snippet":"max-snippet:-1","max-image-preview":"max-image-preview:large","max-video-preview":"max-video-preview:-1"},"canonical":"https:\/\/prometour.com\/fr\/beyond-exclusive-groups\/","og_locale":"fr_FR","og_type":"article","og_title":"Envol par Prom\u00e9tour | Groupes exclusifs Envol","og_description":"Groupes exclusifs\u00a0Envol: Joignez-vous \u00e0 l'un des voyages de groupe Envol par Prom\u00e9tour.","og_url":"https:\/\/prometour.com\/fr\/beyond-exclusive-groups\/","og_site_name":"Prom&eacute;tour","article_publisher":"https:\/\/www.facebook.com\/PrometourEduTours","article_modified_time":"2021-03-16T20:20:30+00:00","twitter_card":"summary_large_image","twitter_site":"@Prometour","twitter_misc":{"Dur\u00e9e de lecture estim\u00e9e":"8 minutes"},"schema":{"@context":"https:\/\/schema.org","@graph":[{"@type":"WebPage","@id":"https:\/\/prometour.com\/fr\/beyond-exclusive-groups\/","url":"https:\/\/prometour.com\/fr\/beyond-exclusive-groups\/","name":"Envol par Prom\u00e9tour | Groupes exclusifs Envol","isPartOf":{"@id":"https:\/\/prometour.com\/fr\/#website"},"datePublished":"2020-09-11T19:26:39+00:00","dateModified":"2021-03-16T20:20:30+00:00","description":"Groupes exclusifs\u00a0Envol: Joignez-vous \u00e0 l'un des voyages de groupe Envol par Prom\u00e9tour.","breadcrumb":{"@id":"https:\/\/prometour.com\/fr\/beyond-exclusive-groups\/#breadcrumb"},"inLanguage":"fr-FR","potentialAction":[{"@type":"ReadAction","target":["https:\/\/prometour.com\/fr\/beyond-exclusive-groups\/"]}]},{"@type":"BreadcrumbList","@id":"https:\/\/prometour.com\/fr\/beyond-exclusive-groups\/#breadcrumb","itemListElement":[{"@type":"ListItem","position":1,"name":"Prometour","item":"https:\/\/prometour.com\/fr\/"},{"@type":"ListItem","position":2,"name":"Groupes exclusifs Envol"}]},{"@type":"WebSite","@id":"https:\/\/prometour.com\/fr\/#website","url":"https:\/\/prometour.com\/fr\/","name":"Prom\u00e9tour","description":"Experts in Customized Student Tours and Class trips","publisher":{"@id":"https:\/\/prometour.com\/fr\/#organization"},"potentialAction":[{"@type":"SearchAction","target":{"@type":"EntryPoint","urlTemplate":"https:\/\/prometour.com\/fr\/?s={search_term_string}"},"query-input":{"@type":"PropertyValueSpecification","valueRequired":true,"valueName":"search_term_string"}}],"inLanguage":"fr-FR"},{"@type":"Organization","@id":"https:\/\/prometour.com\/fr\/#organization","name":"Prom\u00e9tour Educational Tours","url":"https:\/\/prometour.com\/fr\/","logo":{"@type":"ImageObject","inLanguage":"fr-FR","@id":"https:\/\/prometour.com\/fr\/#\/schema\/logo\/image\/","url":"https:\/\/prometour.com\/wp-content\/uploads\/2017\/11\/Prometour_Logo_CMYK.gif","contentUrl":"https:\/\/prometour.com\/wp-content\/uploads\/2017\/11\/Prometour_Logo_CMYK.gif","width":2265,"height":663,"caption":"Prom\u00e9tour Educational Tours"},"image":{"@id":"https:\/\/prometour.com\/fr\/#\/schema\/logo\/image\/"},"sameAs":["https:\/\/www.facebook.com\/PrometourEduTours","https:\/\/x.com\/Prometour","https:\/\/www.instagram.com\/prometour\/","https:\/\/www.linkedin.com\/company\/prometour","https:\/\/www.pinterest.ca\/prometour\/","https:\/\/www.youtube.com\/channel\/UCGUzI7zRN1jyJA_vnuq4GPA"]}]}},"_links":{"self":[{"href":"https:\/\/prometour.com\/fr\/wp-json\/wp\/v2\/pages\/81778","targetHints":{"allow":["GET"]}}],"collection":[{"href":"https:\/\/prometour.com\/fr\/wp-json\/wp\/v2\/pages"}],"about":[{"href":"https:\/\/prometour.com\/fr\/wp-json\/wp\/v2\/types\/page"}],"author":[{"embeddable":true,"href":"https:\/\/prometour.com\/fr\/wp-json\/wp\/v2\/users\/18"}],"replies":[{"embeddable":true,"href":"https:\/\/prometour.com\/fr\/wp-json\/wp\/v2\/comments?post=81778"}],"version-history":[{"count":7,"href":"https:\/\/prometour.com\/fr\/wp-json\/wp\/v2\/pages\/81778\/revisions"}],"predecessor-version":[{"id":83659,"href":"https:\/\/prometour.com\/fr\/wp-json\/wp\/v2\/pages\/81778\/revisions\/83659"}],"wp:attachment":[{"href":"https:\/\/prometour.com\/fr\/wp-json\/wp\/v2\/media?parent=81778"}],"curies":[{"name":"wp","href":"https:\/\/api.w.org\/{rel}","templated":true}]}}