{"id":84293,"date":"2021-01-07T10:42:02","date_gmt":"2021-01-07T15:42:02","guid":{"rendered":"https:\/\/prometour.com\/?page_id=84293"},"modified":"2021-03-12T09:24:22","modified_gmt":"2021-03-12T14:24:22","slug":"plan-sanitaire-pour-voyage-de-groupe","status":"publish","type":"page","link":"https:\/\/prometour.com\/fr\/plan-sanitaire-pour-voyage-de-groupe\/","title":{"rendered":"Voyage de groupe: plan sanitaire"},"content":{"rendered":"<div class=\"wpb-content-wrapper\"><p>[vc_row row_height_percent=\u00a0\u00bb0&Prime; override_padding=\u00a0\u00bbyes\u00a0\u00bb h_padding=\u00a0\u00bb2&Prime; top_padding=\u00a0\u00bb2&Prime; bottom_padding=\u00a0\u00bb2&Prime; overlay_color=\u00a0\u00bbcolor-gyho\u00a0\u00bb overlay_alpha=\u00a0\u00bb100&Prime; gutter_size=\u00a0\u00bb3&Prime; column_width_percent=\u00a0\u00bb100&Prime; shift_y=\u00a0\u00bb0&Prime; z_index=\u00a0\u00bb0&Prime; row_height_use_pixel=\u00a0\u00bb\u00a0\u00bb][vc_column width=\u00a0\u00bb1\/2&Prime;][vc_single_image media=\u00a0\u00bb84027&Prime; media_width_percent=\u00a0\u00bb100&Prime;][\/vc_column][vc_column column_width_use_pixel=\u00a0\u00bbyes\u00a0\u00bb align_horizontal=\u00a0\u00bbalign_center\u00a0\u00bb gutter_size=\u00a0\u00bb3&Prime; overlay_alpha=\u00a0\u00bb50&Prime; shift_x=\u00a0\u00bb0&Prime; shift_y=\u00a0\u00bb0&Prime; shift_y_down=\u00a0\u00bb0&Prime; z_index=\u00a0\u00bb0&Prime; medium_width=\u00a0\u00bb0&Prime; mobile_width=\u00a0\u00bb0&Prime; zoom_width=\u00a0\u00bb0&Prime; zoom_height=\u00a0\u00bb0&Prime; column_width_pixel=\u00a0\u00bb600&Prime; width=\u00a0\u00bb1\/2&Prime;][vc_row_inner row_inner_height_percent=\u00a0\u00bb0&Prime; overlay_alpha=\u00a0\u00bb50&Prime; gutter_size=\u00a0\u00bb3&Prime; shift_y=\u00a0\u00bb0&Prime; row_height_use_pixel=\u00a0\u00bb\u00a0\u00bb][vc_column_inner column_width_percent=\u00a0\u00bb100&Prime; position_horizontal=\u00a0\u00bbleft\u00a0\u00bb position_vertical=\u00a0\u00bbmiddle\u00a0\u00bb align_horizontal=\u00a0\u00bbalign_center\u00a0\u00bb gutter_size=\u00a0\u00bb3&Prime; overlay_alpha=\u00a0\u00bb50&Prime; shift_x=\u00a0\u00bb0&Prime; shift_y=\u00a0\u00bb0&Prime; shift_y_down=\u00a0\u00bb0&Prime; z_index=\u00a0\u00bb0&Prime; medium_width=\u00a0\u00bb0&Prime; mobile_width=\u00a0\u00bb0&Prime; zoom_width=\u00a0\u00bb0&Prime; zoom_height=\u00a0\u00bb0&Prime; width=\u00a0\u00bb1\/1&Prime;][vc_custom_heading heading_semantic=\u00a0\u00bbh3&Prime; text_size=\u00a0\u00bbbigtext\u00a0\u00bb text_uppercase=\u00a0\u00bb\u00a0\u00bb]<\/p>\n<h1><span id=\"hs_cos_wrapper_name\" class=\"hs_cos_wrapper hs_cos_wrapper_meta_field hs_cos_wrapper_type_text\" data-hs-cos-general-type=\"meta_field\" data-hs-cos-type=\"text\">Plan sanitaire\u00a0<\/span><\/h1>\n<p>[\/vc_custom_heading][\/vc_column_inner][\/vc_row_inner][vc_column_text text_lead=\u00a0\u00bbyes\u00a0\u00bb]<strong>Quelles mesures sanitaires sont en place lors d&rsquo;un voyage Prom\u00e9tour?<\/strong><\/p>\n<p>Chez Prom\u00e9tour, votre sant\u00e9 et votre s\u00e9curit\u00e9 sont de la plus haute importance. Toutes les mesures mises en place sont en collaboration avec les autorit\u00e9s de sant\u00e9 publique de la destination et nous pouvons vous assurer que nous suivrons toutes leurs directives de s\u00e9curit\u00e9.[\/vc_column_text][\/vc_column][\/vc_row][vc_row][vc_column width=\u00a0\u00bb1\/1&Prime;][vc_custom_heading]<\/p>\n<h3>AVANT LE D\u00c9PART<\/h3>\n<p>[\/vc_custom_heading][vc_column_text]Il n&rsquo;y a rien de plus stimulant que les jours pr\u00e9c\u00e9dent le d\u00e9part en voyage. Vous \u00eates en train de faire vos valises et vous r\u00eaver de toutes les choses passionnantes que vous vivrez, mais il y a aussi des choses tr\u00e8s importantes que vous devez vous rappeler de faire.<\/p>\n<p>Tout d&rsquo;abord, regardez les courriels de Prom\u00e9tour dans les jours pr\u00e9c\u00e9dant votre d\u00e9part. Ces e-mails ne sont qu&rsquo;un rappel pour vous assurer que vous \u00eates en bonne sant\u00e9 et que vous ne ressentez aucun sympt\u00f4me pouvant affecter le voyage. Si vous ressentez des sympt\u00f4mes, veuillez nous contacter d\u00e8s que possible.<\/p>\n<p>Deuxi\u00e8mement, consultez la r\u00e9glementation COVID-19 de votre destination pour les \u00e9trangers. Le chef de groupe aura d\u00e9j\u00e0 re\u00e7u ces informations de votre chef de projet Prom\u00e9tour. Il est toujours bon que vous vous familiarisiez \u00e9galement avec ces informations et que vous soyez au courant de toute mise \u00e0 jour. Vous pouvez vous attendre \u00e0 ce que les autorit\u00e9s de certains pays vous demandent de remplir un formulaire de voyage, de fournir un certificat m\u00e9dical ou peut-\u00eatre m\u00eame un test COVID-19 n\u00e9gatif r\u00e9cent.<\/p>\n<p>Enfin, assurez-vous que vous avez emball\u00e9 du d\u00e9sinfectant pour les mains et des masques ou couvre-visage suppl\u00e9mentaires.[\/vc_column_text][\/vc_column][\/vc_row][vc_row][vc_column width=\u00a0\u00bb1\/1&Prime;][vc_custom_heading]<\/p>\n<h3><strong>LIGNES A\u00c9RIENNES<\/strong><\/h3>\n<p>[\/vc_custom_heading][vc_column_text]Les compagnies a\u00e9riennes ont mis en place de nouvelles proc\u00e9dures de sant\u00e9 et de s\u00e9curit\u00e9 pour offrir le voyage le plus agr\u00e9able \u00e0 leurs passagers.<\/p>\n<p>Avant d&#8217;embarquer sur le vol, la majorit\u00e9 des compagnies a\u00e9riennes demandent aux passagers de faire un contr\u00f4le de temp\u00e9rature, en plus de r\u00e9pondre \u00e0 des questions de sant\u00e9 g\u00e9n\u00e9rales. C&rsquo;est pour la tranquillit\u00e9 d&rsquo;esprit que tout le monde sur le m\u00eame vol ne montre pas de signes de fi\u00e8vre, un sympt\u00f4me courant du COVID-19. Il est important de noter que vous devez fournir \u00e0 la compagnie a\u00e9rienne un certificat m\u00e9dical pour \u00e9tayer votre \u00e9tat si vous avez une fi\u00e8vre qui n&rsquo;est pas li\u00e9e au COVID-19.<\/p>\n<p>Les passagers sont tenus de porter un masque facial pendant le vol. Certaines compagnies a\u00e9riennes fournissent des kits sanitaires gratuits comprenant un masque, un d\u00e9sinfectant et des gants.<\/p>\n<p>Les proc\u00e9dures suppl\u00e9mentaires comprennent:<\/p>\n<p>Enregistrement sans contact.<br \/>\nAm\u00e9lioration des syst\u00e8mes de filtration et de circulation de l&rsquo;air.<br \/>\nAm\u00e9lioration des m\u00e9thodes de nettoyage et de d\u00e9sinfection des points de contact \u00e9lev\u00e9s dans l&rsquo;avion, y compris la pulv\u00e9risation \u00e9lectrostatique \u00e0 l&rsquo;aide de d\u00e9sinfectants de haute qualit\u00e9, ainsi que le nettoyage en vol des toilettes.<br \/>\nLe service de restauration peut \u00eatre suspendu en fonction de la compagnie a\u00e9rienne et de ses politiques.<br \/>\nSuppression de tous les mat\u00e9riaux non essentiels comme les magazines en vol.<\/p>\n<p>Pour en savoir plus sur les mesures sp\u00e9cifiques d&rsquo;une compagnie a\u00e9rienne, nous vous invitons \u00e0 visiter leurs sites Web. Voici certains des partenaires a\u00e9riens privil\u00e9gi\u00e9s de Prom\u00e9tour:<\/p>\n<p><strong>AIR CANADA:<\/strong>\u00a0<a href=\"https:\/\/www.aircanada.com\/ca\/en\/aco\/home\/book\/travel-news-and-updates\/2020\/cleancareplus.html\">Clean Care +<\/a><\/p>\n<p><strong>DELTA:\u00a0<\/strong><a href=\"https:\/\/pro.delta.com\/content\/agency\/ru\/en\/orphan-page\/delta-coronavirus-news---landing-page\/customer-experience.html\">Delta CareStandard<\/a><\/p>\n<p><strong>AIR FRANCE:<\/strong>\u00a0<a href=\"https:\/\/www.airfrance.fr\/FR\/en\/common\/page_flottante\/information\/engagement-sanitaire.htm\">Air France Protect<\/a>[\/vc_column_text][\/vc_column][\/vc_row][vc_row][vc_column width=\u00a0\u00bb1\/1&Prime;][vc_custom_heading]<\/p>\n<h3><strong>AUTOCARS<\/strong><\/h3>\n<p>[\/vc_custom_heading][vc_column_text]Vous pouvez \u00eatre assur\u00e9 que vous disposerez d&rsquo;un autocar priv\u00e9 affect\u00e9 uniquement \u00e0 votre groupe pour la dur\u00e9e de votre voyage. Pour assurer votre confort et votre s\u00e9curit\u00e9 lors de vos d\u00e9placements en autocar, nous vous demandons de suivre ces directives:<\/p>\n<p>Votre directeur de tourn\u00e9e et votre chauffeur vous d\u00e9signeront un endroit o\u00f9 placer vos bagages. Proc\u00e9dez, en vous \u00e9loignant socialement, pour d\u00e9poser et r\u00e9cup\u00e9rer vos bagages. Vos bagages seront plac\u00e9s dans un compartiment d\u00e9sign\u00e9 et seront charg\u00e9s et d\u00e9charg\u00e9s par votre chauffeur.<\/p>\n<p>Un masque facial est obligatoire avant l&#8217;embarquement et en tout temps dans l&rsquo;autocar. Utilisez le d\u00e9sinfectant pour les mains fourni \u00e0 l&rsquo;avant de l&rsquo;autobus chaque fois que vous entrez et sortez.<\/p>\n<p>La consommation de nourriture et de boissons (sauf l&rsquo;eau) est interdite et les toilettes des autocars seront ferm\u00e9es et ne pourront pas \u00eatre utilis\u00e9es<\/p>\n<p>En g\u00e9n\u00e9ral, votre autocar sera limit\u00e9 \u00e0 la moiti\u00e9 de sa capacit\u00e9, et dans certains autocars, le blocage des si\u00e8ges adjacents ou des barri\u00e8res physiques sera install\u00e9. Il s&rsquo;agit d&rsquo;assurer la s\u00e9curit\u00e9 et de respecter les directives de distanciation sociale tout au long du voyage. Choisissez judicieusement votre si\u00e8ge car ce sera votre si\u00e8ge attribu\u00e9 pour la dur\u00e9e de la visite.<\/p>\n<p>On vous demande de rester assis sauf si n\u00e9cessaire. Votre directeur de tourn\u00e9e vous donnera des instructions sur la fa\u00e7on de d\u00e9barquer de l&rsquo;autocar pour s&rsquo;assurer que les directives de distance sociale sont respect\u00e9es. Assurez-vous de prendre tous vos effets personnels afin de pouvoir d\u00e9sinfecter les surfaces tr\u00e8s touch\u00e9es.<\/p>\n<p>Les mesures suppl\u00e9mentaires prises par Prom\u00e9tour et ses partenaires de transport terrestre pour assurer la sant\u00e9 et la s\u00e9curit\u00e9 tout au long de votre voyage sont:<\/p>\n<ul>\n<li>Votre chauffeur a re\u00e7u une formation de sensibilisation aux proc\u00e9dures de propret\u00e9 et aux pratiques d&rsquo;hygi\u00e8ne pr\u00e9ventive.<\/li>\n<li>Votre chauffeur doit porter un masque facial<\/li>\n<li>Votre autocar b\u00e9n\u00e9ficiera d&rsquo;un nettoyage complet \u00e0 l&rsquo;aide de d\u00e9sinfectants de haute qualit\u00e9 avant votre voyage.<\/li>\n<li>Des nettoyages d\u00e9sinfectants fr\u00e9quents sur les surfaces \u00e0 fort toucher se produiront tout au long de la journ\u00e9e.<\/li>\n<\/ul>\n<p>[\/vc_column_text][\/vc_column][\/vc_row][vc_row][vc_column width=\u00a0\u00bb1\/1&Prime;][vc_custom_heading]<\/p>\n<h3><strong>DIRECTEURS DE TOURN\u00c9E PROM\u00c9TOUR<\/strong><\/h3>\n<p>[\/vc_custom_heading][vc_column_text]\u00c0 votre arriv\u00e9e, vous serez accueillis par l&rsquo;un de nos incroyables directeurs de tourn\u00e9e. Tous nos directeurs de tourn\u00e9e ont re\u00e7u des directives claires sur les m\u00e9thodes et protocoles de pr\u00e9vention du COVID-19. Ils sont tenus de porter un masque facial et doivent respecter les directives de distanciation sociale. Ils vous fourniront toutes les instructions de voyage et sont disponibles pour r\u00e9pondre \u00e0 toutes vos questions ou pr\u00e9occupations.[\/vc_column_text][\/vc_column][\/vc_row][vc_row][vc_column width=\u00a0\u00bb1\/1&Prime;][vc_custom_heading]<\/p>\n<h3><strong>H\u00c9BERGEMENT<\/strong><\/h3>\n<p>[\/vc_custom_heading][vc_column_text]\u00c0 votre arriv\u00e9e \u00e0 l&rsquo;h\u00f4tel, nous vous demandons de rester \u00e0 bord de l&rsquo;autocar pendant que votre tour directeur entre \u00e0 l&rsquo;int\u00e9rieur pour enregistrer le groupe. Ils retourneront \u00e0 l&rsquo;autocar et distribueront les cl\u00e9s de la chambre. Votre directeur de tourn\u00e9e vous informera du nombre d&rsquo;ascenseurs disponibles et du nombre de personnes qu&rsquo;ils peuvent accueillir. R\u00e9cup\u00e9rez vos bagages et rendez-vous directement dans votre chambre.<\/p>\n<p>Les protocoles de nettoyage diff\u00e8rent d\u2019un h\u00f4tel \u00e0 l\u2019autre mais les principaux partenaires de Prom\u00e9tour ont adopt\u00e9 des mesures bas\u00e9es sur les conseils des Centers for Disease Control. Ces mesures comprennent, mais sans s&rsquo;y limiter:<\/p>\n<ul>\n<li>D\u00e9sinfection r\u00e9guli\u00e8re des points de contact \u00e9lev\u00e9s dans tout le hall et les espaces publics.<\/li>\n<li>Proc\u00e9dures d&rsquo;enregistrement \/ d\u00e9part simplifi\u00e9es.<\/li>\n<li>Stations de d\u00e9sinfection dans tout l&rsquo;h\u00f4tel.<\/li>\n<li>Suppression des objets inutiles de la pi\u00e8ce tels que les oreillers d\u00e9coratifs, les blocs-notes, les stylos, etc.<\/li>\n<\/ul>\n<p>Pour en savoir plus sur les mesures sp\u00e9cifiques d&rsquo;un h\u00f4tel, nous vous invitons \u00e0 visiter leurs sites Web. Voici les h\u00f4tels partenaires privil\u00e9gi\u00e9s de Prom\u00e9tour:<\/p>\n<p><strong>BEST WESTERN:<\/strong>\u00a0<a href=\"https:\/\/www.bestwestern.com\/en_US\/hotels\/discover-best-western\/we-care-clean.html\">We Care Clean<\/a><\/p>\n<p><strong>HILTON:\u00a0<\/strong><a href=\"https:\/\/www.hilton.com\/en\/corporate\/cleanstay\/\">CleanStay<\/a><\/p>\n<p><strong>MARRIOT:<\/strong>\u00a0<a href=\"https:\/\/clean.marriott.com\/\">Commitment to Clean<\/a><\/p>\n<p><strong>HOLIDAY INN:<\/strong>\u00a0<a href=\"https:\/\/www.ihg.com\/content\/us\/en\/customer-care\/clean-promise\">Clean Promise<\/a>[\/vc_column_text][\/vc_column][\/vc_row][vc_row][vc_column width=\u00a0\u00bb1\/1&Prime;][vc_custom_heading]<\/p>\n<h3><strong>ACTIVIT\u00c9S<\/strong><\/h3>\n<p>[\/vc_custom_heading][vc_column_text]Nous voulons nous assurer qu&rsquo;il y ait suffisamment de temps pour les mesures de sant\u00e9 et de s\u00e9curit\u00e9, alors attendez-vous \u00e0 ce que le rythme de votre journ\u00e9e soit plus lent que d&rsquo;habitude.<\/p>\n<p>Chaque matin \u00e0 bord de votre autocar priv\u00e9, votre directeur de tourn\u00e9e passera en revue les \u00e9v\u00e9nements et activit\u00e9s de la journ\u00e9e. Lorsque vous arrivez \u00e0 une activit\u00e9, asseyez-vous et d\u00e9tendez-vous pendant que votre directeur de tourn\u00e9e passe \u00e0 l&rsquo;int\u00e9rieur pour vous assurer que votre activit\u00e9 ou visite soit pr\u00eate \u00e0 commencer et collectera tous les billets d&rsquo;entr\u00e9e. Il y aura du temps avant et apr\u00e8s chaque activit\u00e9 pour se laver et se d\u00e9sinfecter les mains.[\/vc_column_text][\/vc_column][\/vc_row][vc_row][vc_column width=\u00a0\u00bb1\/1&Prime;][vc_custom_heading]<\/p>\n<h3><strong>RESTAURANTS<\/strong><\/h3>\n<p>[\/vc_custom_heading][vc_column_text]\u00c0 votre arriv\u00e9e au restaurant, restez assis dans l&rsquo;autocar pendant que votre Tour Director entre dans le restaurant pour vous assurer que le personnel est pr\u00eat \u00e0 vous recevoir et que vos tables sont pr\u00e9par\u00e9es et correctement isol\u00e9es.<\/p>\n<p>Un couvre-visage est obligatoire \u00e0 l&rsquo;entr\u00e9e du restaurant et doit y rester sauf si vous \u00eates assis \u00e0 table.<\/p>\n<p>Les restaurateurs partenaires de Prom\u00e9tour ont mis en place les protocoles suivants pour assurer la sant\u00e9 et la s\u00e9curit\u00e9 lors de votre exp\u00e9rience culinaire:<\/p>\n<ul>\n<li>Capacit\u00e9 de si\u00e8ges r\u00e9duite pour permettre une distance sociale entre les tables.<\/li>\n<li>Le personnel a re\u00e7u une formation de sensibilisation aux proc\u00e9dures de propret\u00e9 et aux pratiques d&rsquo;hygi\u00e8ne pr\u00e9ventive.<\/li>\n<li>Le personnel est tenu de porter un masque facial.<\/li>\n<li>Les options de restauration et de boissons en libre-service comme les buffets et les bars \u00e0 soda ne sont pas disponibles.<\/li>\n<li>Les pourboires pour le personnel du restaurant sont inclus.<\/li>\n<\/ul>\n<p>[\/vc_column_text][\/vc_column][\/vc_row][vc_row][vc_column width=\u00a0\u00bb1\/1&Prime;][vc_custom_heading]<\/p>\n<h3><strong>POURBOIRES<\/strong><\/h3>\n<p>[\/vc_custom_heading][vc_column_text]Lors de la planification de votre voyage, nous vous recommandons fortement de discuter avec votre conseiller de l&rsquo;inclusion des pourboires pour votre directeur de tourn\u00e9e, chauffeur de bus et guides locaux dans le co\u00fbt de votre visite. Prom\u00e9tour se chargera de transmettre l&rsquo;argent aux bonnes personnes pour vous. Il ne s\u2019agit l\u00e0 que d\u2019un moyen simple de r\u00e9duire le risque de transmission en \u00e9liminant l\u2019\u00e9change d\u2019argent comptant. Sinon, nous vous demandons de r\u00e9cup\u00e9rer l&rsquo;argent de vos participants et de le placer dans une enveloppe avant de le transmettre au directeur de la tourn\u00e9e, au chauffeur de bus ou au guide local.[\/vc_column_text][\/vc_column][\/vc_row][vc_row][vc_column width=\u00a0\u00bb1\/1&Prime;][vc_custom_heading]<strong>VOTRE ENGAGEMENT<\/strong>[\/vc_custom_heading][vc_column_text]Il est de la responsabilit\u00e9 de chacun de faire sa part pour ralentir la propagation du COVID-19. C&rsquo;est maintenant \u00e0 vous de suivre les r\u00e8gles fix\u00e9es par les autorit\u00e9s sanitaires locales de votre destination. Veuillez vous assurer que vous \u00eates bien pr\u00e9par\u00e9 avant votre d\u00e9part en consultant les lois et r\u00e8glements locaux. Votre directeur de tourn\u00e9e sera disponible pour r\u00e9pondre \u00e0 vos questions ou \u00e0 toute pr\u00e9occupation que vous pourriez avoir, mais nous vous demandons de suivre ses directives en mati\u00e8re de proc\u00e9dures et de r\u00e8glements pendant votre s\u00e9jour \u00e0 destination. Peu importe o\u00f9 vous voyagez, assurez-vous de vous laver et de vous d\u00e9sinfecter souvent les mains, de garder vos distances sociales et de porter votre masque facial chaque fois que la distanciation sociale n&rsquo;est pas possible.[\/vc_column_text][\/vc_column][\/vc_row][vc_row][vc_column width=\u00a0\u00bb1\/1&Prime;][vc_custom_heading]<strong>NOTRE ENGAGEMENT<\/strong>[\/vc_custom_heading][vc_column_text]<\/p>\n<div class=\"kb-article tinymce-content\">\n<p>Prom\u00e9tour s&rsquo;engage depuis longtemps \u00e0 offrir \u00e0 nos groupes les moyens de d\u00e9placement les plus s\u00fbrs. Nous ne travaillerons qu&rsquo;avec des partenaires qui peuvent respecter ces normes de propret\u00e9 et peuvent nous donner le m\u00eame engagement que nous vous donnons. Au fur et \u00e0 mesure que nous nous dirigeons vers une nouvelle normalit\u00e9, ces mesures seront adapt\u00e9es et \u00e9volueront \u00e0 mesure que nous continuerons de rechercher des conseils et de consulter les autorit\u00e9s gouvernementales de sant\u00e9 publique et d&rsquo;autres autorit\u00e9s m\u00e9dicales. Nous nous efforcerons de vous fournir le moyen le plus \u00e0 jour et le plus innovant de voyager et de d\u00e9couvrir le monde.<\/p>\n<\/div>\n<div id=\"ka-feedback-form-container\">\n<div id=\"ka-feedback-form\">\n<h6><\/h6>\n<\/div>\n<\/div>\n<p>[\/vc_column_text][\/vc_column][\/vc_row][vc_row][vc_column width=\u00a0\u00bb1\/1&Prime;][\/vc_column][\/vc_row][vc_row][vc_column width=\u00a0\u00bb1\/1&Prime;][uncode_block id=\u00a0\u00bb84050&Prime;][\/vc_column][\/vc_row]<\/p>\n<\/div>","protected":false},"excerpt":{"rendered":"<p>[vc_row row_height_percent=\u00a0\u00bb0&Prime; override_padding=\u00a0\u00bbyes\u00a0\u00bb h_padding=\u00a0\u00bb2&Prime; top_padding=\u00a0\u00bb2&Prime; bottom_padding=\u00a0\u00bb2&Prime; overlay_color=\u00a0\u00bbcolor-gyho\u00a0\u00bb overlay_alpha=\u00a0\u00bb100&Prime; gutter_size=\u00a0\u00bb3&Prime; column_width_percent=\u00a0\u00bb100&Prime; shift_y=\u00a0\u00bb0&Prime; z_index=\u00a0\u00bb0&Prime; row_height_use_pixel=\u00a0\u00bb\u00a0\u00bb][vc_column width=\u00a0\u00bb1\/2&Prime;][vc_single_image media=\u00a0\u00bb84027&Prime; media_width_percent=\u00a0\u00bb100&Prime;][\/vc_column][vc_column column_width_use_pixel=\u00a0\u00bbyes\u00a0\u00bb align_horizontal=\u00a0\u00bbalign_center\u00a0\u00bb gutter_size=\u00a0\u00bb3&Prime; overlay_alpha=\u00a0\u00bb50&Prime; [&hellip;]<\/p>\n","protected":false},"author":24,"featured_media":84028,"parent":0,"menu_order":0,"comment_status":"closed","ping_status":"closed","template":"","meta":{"content-type":"","footnotes":""},"class_list":["post-84293","page","type-page","status-publish","has-post-thumbnail","hentry","page_category-section-page-fr"],"yoast_head":"<!-- This site is optimized with the Yoast SEO plugin v27.5 - https:\/\/yoast.com\/product\/yoast-seo-wordpress\/ -->\n<title>Envol par Prom\u00e9tour | Plan sanitaire pour voyage de groupe<\/title>\n<meta name=\"description\" content=\"Envol par Prom\u00e9tour | Plan sanitaire pour voyage de groupe. Voyez les mesures en place pour votre sant\u00e9 et s\u00e9curit\u00e9.\" \/>\n<meta name=\"robots\" content=\"index, follow, max-snippet:-1, max-image-preview:large, max-video-preview:-1\" \/>\n<link rel=\"canonical\" href=\"https:\/\/prometour.com\/fr\/plan-sanitaire-pour-voyage-de-groupe\/\" \/>\n<meta property=\"og:locale\" content=\"fr_FR\" \/>\n<meta property=\"og:type\" content=\"article\" \/>\n<meta property=\"og:title\" content=\"Envol par Prom\u00e9tour | Plan sanitaire pour voyage de groupe\" \/>\n<meta property=\"og:description\" content=\"Envol par Prom\u00e9tour | Plan sanitaire pour voyage de groupe. Voyez les mesures en place pour votre sant\u00e9 et s\u00e9curit\u00e9.\" \/>\n<meta property=\"og:url\" content=\"https:\/\/prometour.com\/fr\/plan-sanitaire-pour-voyage-de-groupe\/\" \/>\n<meta property=\"og:site_name\" content=\"Prom&eacute;tour\" \/>\n<meta property=\"article:publisher\" content=\"https:\/\/www.facebook.com\/PrometourEduTours\" \/>\n<meta property=\"article:modified_time\" content=\"2021-03-12T14:24:22+00:00\" \/>\n<meta property=\"og:image\" content=\"https:\/\/prometour.com\/wp-content\/uploads\/2020\/11\/thomas-de-luze-yVEmozUCyxc-unsplash-CROPPED-scaled.jpg\" \/>\n\t<meta property=\"og:image:width\" content=\"1920\" \/>\n\t<meta property=\"og:image:height\" content=\"1441\" \/>\n\t<meta property=\"og:image:type\" content=\"image\/jpeg\" \/>\n<meta name=\"twitter:card\" content=\"summary_large_image\" \/>\n<meta name=\"twitter:site\" content=\"@Prometour\" \/>\n<meta name=\"twitter:label1\" content=\"Dur\u00e9e de lecture estim\u00e9e\" \/>\n\t<meta name=\"twitter:data1\" content=\"11 minutes\" \/>\n<script type=\"application\/ld+json\" class=\"yoast-schema-graph\">{\"@context\":\"https:\\\/\\\/schema.org\",\"@graph\":[{\"@type\":\"WebPage\",\"@id\":\"https:\\\/\\\/prometour.com\\\/fr\\\/plan-sanitaire-pour-voyage-de-groupe\\\/\",\"url\":\"https:\\\/\\\/prometour.com\\\/fr\\\/plan-sanitaire-pour-voyage-de-groupe\\\/\",\"name\":\"Envol par Prom\u00e9tour | Plan sanitaire pour voyage de groupe\",\"isPartOf\":{\"@id\":\"https:\\\/\\\/prometour.com\\\/fr\\\/#website\"},\"primaryImageOfPage\":{\"@id\":\"https:\\\/\\\/prometour.com\\\/fr\\\/plan-sanitaire-pour-voyage-de-groupe\\\/#primaryimage\"},\"image\":{\"@id\":\"https:\\\/\\\/prometour.com\\\/fr\\\/plan-sanitaire-pour-voyage-de-groupe\\\/#primaryimage\"},\"thumbnailUrl\":\"https:\\\/\\\/prometour.com\\\/wp-content\\\/uploads\\\/2020\\\/11\\\/thomas-de-luze-yVEmozUCyxc-unsplash-CROPPED-scaled.jpg\",\"datePublished\":\"2021-01-07T15:42:02+00:00\",\"dateModified\":\"2021-03-12T14:24:22+00:00\",\"description\":\"Envol par Prom\u00e9tour | Plan sanitaire pour voyage de groupe. Voyez les mesures en place pour votre sant\u00e9 et s\u00e9curit\u00e9.\",\"breadcrumb\":{\"@id\":\"https:\\\/\\\/prometour.com\\\/fr\\\/plan-sanitaire-pour-voyage-de-groupe\\\/#breadcrumb\"},\"inLanguage\":\"fr-FR\",\"potentialAction\":[{\"@type\":\"ReadAction\",\"target\":[\"https:\\\/\\\/prometour.com\\\/fr\\\/plan-sanitaire-pour-voyage-de-groupe\\\/\"]}]},{\"@type\":\"ImageObject\",\"inLanguage\":\"fr-FR\",\"@id\":\"https:\\\/\\\/prometour.com\\\/fr\\\/plan-sanitaire-pour-voyage-de-groupe\\\/#primaryimage\",\"url\":\"https:\\\/\\\/prometour.com\\\/wp-content\\\/uploads\\\/2020\\\/11\\\/thomas-de-luze-yVEmozUCyxc-unsplash-CROPPED-scaled.jpg\",\"contentUrl\":\"https:\\\/\\\/prometour.com\\\/wp-content\\\/uploads\\\/2020\\\/11\\\/thomas-de-luze-yVEmozUCyxc-unsplash-CROPPED-scaled.jpg\",\"width\":1920,\"height\":1441},{\"@type\":\"BreadcrumbList\",\"@id\":\"https:\\\/\\\/prometour.com\\\/fr\\\/plan-sanitaire-pour-voyage-de-groupe\\\/#breadcrumb\",\"itemListElement\":[{\"@type\":\"ListItem\",\"position\":1,\"name\":\"Prometour\",\"item\":\"https:\\\/\\\/prometour.com\\\/fr\\\/\"},{\"@type\":\"ListItem\",\"position\":2,\"name\":\"Section Page\",\"item\":\"https:\\\/\\\/prometour.com\\\/fr\\\/page_category\\\/section-page-fr\\\/\"},{\"@type\":\"ListItem\",\"position\":3,\"name\":\"Voyage de groupe: plan sanitaire\"}]},{\"@type\":\"WebSite\",\"@id\":\"https:\\\/\\\/prometour.com\\\/fr\\\/#website\",\"url\":\"https:\\\/\\\/prometour.com\\\/fr\\\/\",\"name\":\"Prom\u00e9tour\",\"description\":\"Experts in Customized Student Tours and Class trips\",\"publisher\":{\"@id\":\"https:\\\/\\\/prometour.com\\\/fr\\\/#organization\"},\"potentialAction\":[{\"@type\":\"SearchAction\",\"target\":{\"@type\":\"EntryPoint\",\"urlTemplate\":\"https:\\\/\\\/prometour.com\\\/fr\\\/?s={search_term_string}\"},\"query-input\":{\"@type\":\"PropertyValueSpecification\",\"valueRequired\":true,\"valueName\":\"search_term_string\"}}],\"inLanguage\":\"fr-FR\"},{\"@type\":\"Organization\",\"@id\":\"https:\\\/\\\/prometour.com\\\/fr\\\/#organization\",\"name\":\"Prom\u00e9tour Educational Tours\",\"url\":\"https:\\\/\\\/prometour.com\\\/fr\\\/\",\"logo\":{\"@type\":\"ImageObject\",\"inLanguage\":\"fr-FR\",\"@id\":\"https:\\\/\\\/prometour.com\\\/fr\\\/#\\\/schema\\\/logo\\\/image\\\/\",\"url\":\"https:\\\/\\\/prometour.com\\\/wp-content\\\/uploads\\\/2017\\\/11\\\/Prometour_Logo_CMYK.gif\",\"contentUrl\":\"https:\\\/\\\/prometour.com\\\/wp-content\\\/uploads\\\/2017\\\/11\\\/Prometour_Logo_CMYK.gif\",\"width\":2265,\"height\":663,\"caption\":\"Prom\u00e9tour Educational Tours\"},\"image\":{\"@id\":\"https:\\\/\\\/prometour.com\\\/fr\\\/#\\\/schema\\\/logo\\\/image\\\/\"},\"sameAs\":[\"https:\\\/\\\/www.facebook.com\\\/PrometourEduTours\",\"https:\\\/\\\/x.com\\\/Prometour\",\"https:\\\/\\\/www.instagram.com\\\/prometour\\\/\",\"https:\\\/\\\/www.linkedin.com\\\/company\\\/prometour\",\"https:\\\/\\\/www.pinterest.ca\\\/prometour\\\/\",\"https:\\\/\\\/www.youtube.com\\\/channel\\\/UCGUzI7zRN1jyJA_vnuq4GPA\"]}]}<\/script>\n<!-- \/ Yoast SEO plugin. -->","yoast_head_json":{"title":"Envol par Prom\u00e9tour | Plan sanitaire pour voyage de groupe","description":"Envol par Prom\u00e9tour | Plan sanitaire pour voyage de groupe. Voyez les mesures en place pour votre sant\u00e9 et s\u00e9curit\u00e9.","robots":{"index":"index","follow":"follow","max-snippet":"max-snippet:-1","max-image-preview":"max-image-preview:large","max-video-preview":"max-video-preview:-1"},"canonical":"https:\/\/prometour.com\/fr\/plan-sanitaire-pour-voyage-de-groupe\/","og_locale":"fr_FR","og_type":"article","og_title":"Envol par Prom\u00e9tour | Plan sanitaire pour voyage de groupe","og_description":"Envol par Prom\u00e9tour | Plan sanitaire pour voyage de groupe. Voyez les mesures en place pour votre sant\u00e9 et s\u00e9curit\u00e9.","og_url":"https:\/\/prometour.com\/fr\/plan-sanitaire-pour-voyage-de-groupe\/","og_site_name":"Prom&eacute;tour","article_publisher":"https:\/\/www.facebook.com\/PrometourEduTours","article_modified_time":"2021-03-12T14:24:22+00:00","og_image":[{"width":1920,"height":1441,"url":"https:\/\/prometour.com\/wp-content\/uploads\/2020\/11\/thomas-de-luze-yVEmozUCyxc-unsplash-CROPPED-scaled.jpg","type":"image\/jpeg"}],"twitter_card":"summary_large_image","twitter_site":"@Prometour","twitter_misc":{"Dur\u00e9e de lecture estim\u00e9e":"11 minutes"},"schema":{"@context":"https:\/\/schema.org","@graph":[{"@type":"WebPage","@id":"https:\/\/prometour.com\/fr\/plan-sanitaire-pour-voyage-de-groupe\/","url":"https:\/\/prometour.com\/fr\/plan-sanitaire-pour-voyage-de-groupe\/","name":"Envol par Prom\u00e9tour | Plan sanitaire pour voyage de groupe","isPartOf":{"@id":"https:\/\/prometour.com\/fr\/#website"},"primaryImageOfPage":{"@id":"https:\/\/prometour.com\/fr\/plan-sanitaire-pour-voyage-de-groupe\/#primaryimage"},"image":{"@id":"https:\/\/prometour.com\/fr\/plan-sanitaire-pour-voyage-de-groupe\/#primaryimage"},"thumbnailUrl":"https:\/\/prometour.com\/wp-content\/uploads\/2020\/11\/thomas-de-luze-yVEmozUCyxc-unsplash-CROPPED-scaled.jpg","datePublished":"2021-01-07T15:42:02+00:00","dateModified":"2021-03-12T14:24:22+00:00","description":"Envol par Prom\u00e9tour | Plan sanitaire pour voyage de groupe. Voyez les mesures en place pour votre sant\u00e9 et s\u00e9curit\u00e9.","breadcrumb":{"@id":"https:\/\/prometour.com\/fr\/plan-sanitaire-pour-voyage-de-groupe\/#breadcrumb"},"inLanguage":"fr-FR","potentialAction":[{"@type":"ReadAction","target":["https:\/\/prometour.com\/fr\/plan-sanitaire-pour-voyage-de-groupe\/"]}]},{"@type":"ImageObject","inLanguage":"fr-FR","@id":"https:\/\/prometour.com\/fr\/plan-sanitaire-pour-voyage-de-groupe\/#primaryimage","url":"https:\/\/prometour.com\/wp-content\/uploads\/2020\/11\/thomas-de-luze-yVEmozUCyxc-unsplash-CROPPED-scaled.jpg","contentUrl":"https:\/\/prometour.com\/wp-content\/uploads\/2020\/11\/thomas-de-luze-yVEmozUCyxc-unsplash-CROPPED-scaled.jpg","width":1920,"height":1441},{"@type":"BreadcrumbList","@id":"https:\/\/prometour.com\/fr\/plan-sanitaire-pour-voyage-de-groupe\/#breadcrumb","itemListElement":[{"@type":"ListItem","position":1,"name":"Prometour","item":"https:\/\/prometour.com\/fr\/"},{"@type":"ListItem","position":2,"name":"Section Page","item":"https:\/\/prometour.com\/fr\/page_category\/section-page-fr\/"},{"@type":"ListItem","position":3,"name":"Voyage de groupe: plan sanitaire"}]},{"@type":"WebSite","@id":"https:\/\/prometour.com\/fr\/#website","url":"https:\/\/prometour.com\/fr\/","name":"Prom\u00e9tour","description":"Experts in Customized Student Tours and Class trips","publisher":{"@id":"https:\/\/prometour.com\/fr\/#organization"},"potentialAction":[{"@type":"SearchAction","target":{"@type":"EntryPoint","urlTemplate":"https:\/\/prometour.com\/fr\/?s={search_term_string}"},"query-input":{"@type":"PropertyValueSpecification","valueRequired":true,"valueName":"search_term_string"}}],"inLanguage":"fr-FR"},{"@type":"Organization","@id":"https:\/\/prometour.com\/fr\/#organization","name":"Prom\u00e9tour Educational Tours","url":"https:\/\/prometour.com\/fr\/","logo":{"@type":"ImageObject","inLanguage":"fr-FR","@id":"https:\/\/prometour.com\/fr\/#\/schema\/logo\/image\/","url":"https:\/\/prometour.com\/wp-content\/uploads\/2017\/11\/Prometour_Logo_CMYK.gif","contentUrl":"https:\/\/prometour.com\/wp-content\/uploads\/2017\/11\/Prometour_Logo_CMYK.gif","width":2265,"height":663,"caption":"Prom\u00e9tour Educational Tours"},"image":{"@id":"https:\/\/prometour.com\/fr\/#\/schema\/logo\/image\/"},"sameAs":["https:\/\/www.facebook.com\/PrometourEduTours","https:\/\/x.com\/Prometour","https:\/\/www.instagram.com\/prometour\/","https:\/\/www.linkedin.com\/company\/prometour","https:\/\/www.pinterest.ca\/prometour\/","https:\/\/www.youtube.com\/channel\/UCGUzI7zRN1jyJA_vnuq4GPA"]}]}},"_links":{"self":[{"href":"https:\/\/prometour.com\/fr\/wp-json\/wp\/v2\/pages\/84293","targetHints":{"allow":["GET"]}}],"collection":[{"href":"https:\/\/prometour.com\/fr\/wp-json\/wp\/v2\/pages"}],"about":[{"href":"https:\/\/prometour.com\/fr\/wp-json\/wp\/v2\/types\/page"}],"author":[{"embeddable":true,"href":"https:\/\/prometour.com\/fr\/wp-json\/wp\/v2\/users\/24"}],"replies":[{"embeddable":true,"href":"https:\/\/prometour.com\/fr\/wp-json\/wp\/v2\/comments?post=84293"}],"version-history":[{"count":7,"href":"https:\/\/prometour.com\/fr\/wp-json\/wp\/v2\/pages\/84293\/revisions"}],"predecessor-version":[{"id":86659,"href":"https:\/\/prometour.com\/fr\/wp-json\/wp\/v2\/pages\/84293\/revisions\/86659"}],"wp:featuredmedia":[{"embeddable":true,"href":"https:\/\/prometour.com\/fr\/wp-json\/wp\/v2\/media\/84028"}],"wp:attachment":[{"href":"https:\/\/prometour.com\/fr\/wp-json\/wp\/v2\/media?parent=84293"}],"curies":[{"name":"wp","href":"https:\/\/api.w.org\/{rel}","templated":true}]}}